{"id":27868,"date":"2024-12-02T11:51:29","date_gmt":"2024-12-02T09:51:29","guid":{"rendered":"https:\/\/www.la-cale-sauvage.com\/?page_id=27868"},"modified":"2025-11-27T15:57:24","modified_gmt":"2025-11-27T13:57:24","slug":"conditions-generales-de-vente","status":"publish","type":"page","link":"https:\/\/www.la-cale-sauvage.com\/en\/conditions-generales-de-vente\/","title":{"rendered":"Conditions g\u00e9n\u00e9rales de vente"},"content":{"rendered":"<p>[et_pb_section fb_built=\u00a0\u00bb1&Prime; admin_label=\u00a0\u00bbService\u00a0\u00bb _builder_version=\u00a0\u00bb4.27.3&Prime; _module_preset=\u00a0\u00bbdefault\u00a0\u00bb use_background_color_gradient=\u00a0\u00bbon\u00a0\u00bb background_color_gradient_stops=\u00a0\u00bbrgba(41,59,69,0.7) 0%|#293b45 99%\u00a0\u00bb background_color_gradient_overlays_image=\u00a0\u00bbon\u00a0\u00bb background_image=\u00a0\u00bbhttps:\/\/www.la-cale-sauvage.com\/wp-content\/uploads\/2024\/11\/pexels-elias-tigiser-411757-1090745-scaled.jpg\u00a0\u00bb custom_padding=\u00a0\u00bb8vh||8vh||true|false\u00a0\u00bb collapsed=\u00a0\u00bbon\u00a0\u00bb global_colors_info=\u00a0\u00bb{}\u00a0\u00bb][et_pb_row _builder_version=\u00a0\u00bb4.20.0&Prime; _module_preset=\u00a0\u00bbdefault\u00a0\u00bb global_colors_info=\u00a0\u00bb{}\u00a0\u00bb][et_pb_column type=\u00a0\u00bb4_4&Prime; _builder_version=\u00a0\u00bb4.20.0&Prime; _module_preset=\u00a0\u00bbdefault\u00a0\u00bb global_colors_info=\u00a0\u00bb{}\u00a0\u00bb][et_pb_text _builder_version=\u00a0\u00bb4.27.4&Prime; _module_preset=\u00a0\u00bb_initial\u00a0\u00bb header_text_color=\u00a0\u00bbgcid-f46b1a4b-f9e0-4459-adf1-a626d0a68b72&Prime; header_2_font=\u00a0\u00bb&#8211;et_global_heading_font||||||||\u00a0\u00bb header_2_text_color=\u00a0\u00bb#FFFFFF\u00a0\u00bb header_2_font_size=\u00a0\u00bb62px\u00a0\u00bb text_orientation=\u00a0\u00bbcenter\u00a0\u00bb custom_margin=\u00a0\u00bb||10px||false|false\u00a0\u00bb header_2_font_size_tablet=\u00a0\u00bb50px\u00a0\u00bb header_2_font_size_phone=\u00a0\u00bb40px\u00a0\u00bb header_2_font_size_last_edited=\u00a0\u00bbon|phone\u00a0\u00bb global_colors_info=\u00a0\u00bb{%22gcid-f46b1a4b-f9e0-4459-adf1-a626d0a68b72%22:%91%22header_text_color%22%93}\u00a0\u00bb]<\/p>\n<h1>Conditions g\u00e9n\u00e9rales de vente<\/h1>\n<p>[\/et_pb_text][\/et_pb_column][\/et_pb_row][\/et_pb_section][et_pb_section fb_built=\u00a0\u00bb1&Prime; _builder_version=\u00a0\u00bb4.27.4&Prime; _module_preset=\u00a0\u00bbdefault\u00a0\u00bb custom_padding=\u00a0\u00bb0px||7px|||\u00a0\u00bb hover_enabled=\u00a0\u00bb0&Prime; global_colors_info=\u00a0\u00bb{%22gcid-1cd7305f-fd20-421c-b36d-bb3da4e244c4%22:%91%22background_color%22%93}\u00a0\u00bb background_color=\u00a0\u00bbgcid-1cd7305f-fd20-421c-b36d-bb3da4e244c4&Prime; sticky_enabled=\u00a0\u00bb0&Prime;][et_pb_row _builder_version=\u00a0\u00bb4.27.4&Prime; _module_preset=\u00a0\u00bbdefault\u00a0\u00bb global_colors_info=\u00a0\u00bb{}\u00a0\u00bb][et_pb_column type=\u00a0\u00bb4_4&Prime; _builder_version=\u00a0\u00bb4.27.4&Prime; _module_preset=\u00a0\u00bbdefault\u00a0\u00bb global_colors_info=\u00a0\u00bb{}\u00a0\u00bb][et_pb_text _builder_version=\u00a0\u00bb4.27.4&Prime; _module_preset=\u00a0\u00bbdefault\u00a0\u00bb header_3_text_color=\u00a0\u00bbgcid-secondary-color\u00a0\u00bb global_colors_info=\u00a0\u00bb{%22gcid-1f1b4e15-7cc6-4e13-8154-74d77a956460%22:%91%22quote_text_color%22,%22quote_text_color%22%93,%22gcid-d7cd5a78-aaef-4f36-82a3-4d3706015cba%22:%91%22link_text_color%22,%22quote_text_color%22,%22link_text_color%22,%22quote_text_color%22%93,%22gcid-primary-color%22:%91%22quote_text_color%22,%22quote_text_color%22%93,%22gcid-secondary-color%22:%91%22header_3_text_color%22%93}\u00a0\u00bb]<\/p>\n<p><i>Afin de pouvoir b\u00e9n\u00e9ficier des prestations propos\u00e9es par<\/i> La Cale Sauvage, nous vous demandons de lire <i>attentivement les conditions g\u00e9n\u00e9rales ci-dessous. Ces conditions r\u00e9gissent les ventes de s\u00e9jours et sont valables au moment o\u00f9 la commande est pass\u00e9e. Le fait de r\u00e9server un s\u00e9jour implique l\u2019adh\u00e9sion compl\u00e8te \u00e0 nos conditions g\u00e9n\u00e9rales de vente.<\/i><\/p>\n<p>[\/et_pb_text][et_pb_text _builder_version=\u00a0\u00bb4.27.4&Prime; _module_preset=\u00a0\u00bbdefault\u00a0\u00bb global_colors_info=\u00a0\u00bb{}\u00a0\u00bb]<\/p>\n<p><strong>Version 06\/11\/2025<\/strong><\/p>\n<p>[\/et_pb_text][\/et_pb_column][\/et_pb_row][\/et_pb_section][et_pb_section fb_built=\u00a0\u00bb1&Prime; _builder_version=\u00a0\u00bb4.27.4&Prime; _module_preset=\u00a0\u00bbdefault\u00a0\u00bb hover_enabled=\u00a0\u00bb0&Prime; global_colors_info=\u00a0\u00bb{%22gcid-1cd7305f-fd20-421c-b36d-bb3da4e244c4%22:%91%22background_color%22%93}\u00a0\u00bb background_color=\u00a0\u00bbgcid-1cd7305f-fd20-421c-b36d-bb3da4e244c4&Prime; sticky_enabled=\u00a0\u00bb0&Prime;][et_pb_row _builder_version=\u00a0\u00bb4.27.3&Prime; _module_preset=\u00a0\u00bbdefault\u00a0\u00bb global_colors_info=\u00a0\u00bb{}\u00a0\u00bb][et_pb_column type=\u00a0\u00bb4_4&Prime; _builder_version=\u00a0\u00bb4.27.3&Prime; _module_preset=\u00a0\u00bbdefault\u00a0\u00bb global_colors_info=\u00a0\u00bb{}\u00a0\u00bb][et_pb_text _builder_version=\u00a0\u00bb4.27.4&Prime; _module_preset=\u00a0\u00bbdefault\u00a0\u00bb header_3_text_color=\u00a0\u00bbgcid-secondary-color\u00a0\u00bb global_colors_info=\u00a0\u00bb{%22gcid-1f1b4e15-7cc6-4e13-8154-74d77a956460%22:%91%22quote_text_color%22,%22quote_text_color%22%93,%22gcid-d7cd5a78-aaef-4f36-82a3-4d3706015cba%22:%91%22link_text_color%22,%22quote_text_color%22,%22link_text_color%22,%22quote_text_color%22%93,%22gcid-primary-color%22:%91%22quote_text_color%22,%22quote_text_color%22%93,%22gcid-secondary-color%22:%91%22header_3_text_color%22%93}\u00a0\u00bb]<\/p>\n<h3><span>Acceptation des conditions g\u00e9n\u00e9rales<\/span><\/h3>\n<p>[\/et_pb_text][et_pb_text _builder_version=\u00a0\u00bb4.27.4&Prime; _module_preset=\u00a0\u00bbdefault\u00a0\u00bb text_text_color=\u00a0\u00bbgcid-heading-color\u00a0\u00bb text_line_height=\u00a0\u00bb1.9em\u00a0\u00bb text_font_size_tablet=\u00a0\u00bb\u00a0\u00bb text_font_size_phone=\u00a0\u00bb\u00a0\u00bb text_font_size_last_edited=\u00a0\u00bbon|phone\u00a0\u00bb global_colors_info=\u00a0\u00bb{%22gcid-primary-color%22:%91%22quote_text_color%22%93,%22gcid-heading-color%22:%91%22text_text_color%22%93}\u00a0\u00bb]<\/p>\n<p>En r\u00e9servant un Emplacement et\/ou un H\u00e9bergement au sein du camping La Cale Sauvage, le Client reconna\u00eet avoir pris pleinement connaissance et accept\u00e9 d\u00e9finitivement et sans r\u00e9serve les Conditions G\u00e9nerales de Vente.<\/p>\n<p>Pour une r\u00e9servation par Internet, cette acceptation est formalis\u00e9e par l\u2019action de cocher la case li\u00e9e \u00e0 la mention suivante : \u00ab Je reconnais avoir pris connaissance des Conditions G\u00e9n\u00e9rales de vente \u00bb. Cette modalit\u00e9 d\u2019acceptation aura la m\u00eame valeur qu&rsquo;une signature manuscrite de la part du Client.<\/p>\n<p>La r\u00e9servation devient effective uniquement avec l\u2019accord du camping, apr\u00e8s r\u00e9ception de l\u2019acompte et apr\u00e8s r\u00e9ception soit du contrat de r\u00e9servation d\u00fbment compl\u00e9t\u00e9 et sign\u00e9, soit apr\u00e8s acceptation des conditions g\u00e9n\u00e9rales de vente lors de la r\u00e9servation en ligne.<\/p>\n<p>En cas de non-paiement de l\u2019acompte \u00e0 la r\u00e9servation ou du solde au plus tard 30 jours avant la date du d\u00e9but du s\u00e9jour par le client, le camping se r\u00e9serve le droit d\u2019annuler la r\u00e9servation et de reproposer l\u2019h\u00e9bergement \u00e0 la location.<\/p>\n<p>La Cale Sauvage propose des s\u00e9jours \u00e0 vocation familiale, au sens traditionnel, les h\u00e9bergements sont sp\u00e9cialement con\u00e7us \u00e0 cet effet. La Cale Sauvage se r\u00e9serve le droit de refuser toute r\u00e9servation qui serait contraire \u00e0 ce principe, ou qui chercherait \u00e0 le d\u00e9tourner.<\/p>\n<p>La r\u00e9servation d\u2019un emplacement de camping ou d\u2019une location est faite \u00e0 titre strictement personnel. Vous ne pouvez en aucun cas sous-louer ni c\u00e9der votre r\u00e9servation sans le consentement pr\u00e9alable du camping. Le locataire doit assurer le caract\u00e8re paisible de la location et en faire un usage conforme \u00e0 la destination des lieux.<\/p>\n<p>Les mineurs doivent \u00eatre accompagn\u00e9s de leurs parents ou tuteurs l\u00e9gaux.<\/p>\n<p>[\/et_pb_text][\/et_pb_column][\/et_pb_row][et_pb_row _builder_version=\u00a0\u00bb4.27.3&Prime; _module_preset=\u00a0\u00bbdefault\u00a0\u00bb global_colors_info=\u00a0\u00bb{}\u00a0\u00bb][et_pb_column type=\u00a0\u00bb4_4&Prime; _builder_version=\u00a0\u00bb4.27.3&Prime; _module_preset=\u00a0\u00bbdefault\u00a0\u00bb global_colors_info=\u00a0\u00bb{}\u00a0\u00bb][et_pb_text _builder_version=\u00a0\u00bb4.27.4&Prime; _module_preset=\u00a0\u00bbdefault\u00a0\u00bb header_3_text_color=\u00a0\u00bbgcid-secondary-color\u00a0\u00bb custom_margin=\u00a0\u00bb||33px|||\u00a0\u00bb global_colors_info=\u00a0\u00bb{%22gcid-1f1b4e15-7cc6-4e13-8154-74d77a956460%22:%91%22quote_text_color%22,%22quote_text_color%22%93,%22gcid-d7cd5a78-aaef-4f36-82a3-4d3706015cba%22:%91%22link_text_color%22,%22quote_text_color%22,%22link_text_color%22,%22quote_text_color%22%93,%22gcid-primary-color%22:%91%22quote_text_color%22,%22quote_text_color%22%93,%22gcid-secondary-color%22:%91%22header_3_text_color%22%93}\u00a0\u00bb]<\/p>\n<h3><span>Emplacement de camping<\/span><\/h3>\n<p>[\/et_pb_text][et_pb_text _builder_version=\u00a0\u00bb4.27.4&Prime; _module_preset=\u00a0\u00bbdefault\u00a0\u00bb text_text_color=\u00a0\u00bbgcid-heading-color\u00a0\u00bb text_line_height=\u00a0\u00bb1.9em\u00a0\u00bb text_font_size_tablet=\u00a0\u00bb\u00a0\u00bb text_font_size_phone=\u00a0\u00bb\u00a0\u00bb text_font_size_last_edited=\u00a0\u00bbon|phone\u00a0\u00bb global_colors_info=\u00a0\u00bb{%22gcid-primary-color%22:%91%22quote_text_color%22%93,%22gcid-heading-color%22:%91%22text_text_color%22%93}\u00a0\u00bb]<\/p>\n<p>Le forfait de base comprend l\u2019emplacement <span style=\"color: #000000;\">visant \u00e0 accueillir la tente du Client, <\/span><span style=\"color: #000000;\"><u>or<\/u><\/span><span style=\"color: #000000;\"> sa caravane <\/span><span style=\"color: #000000;\"><u>or<\/u><\/span><span style=\"color: #000000;\"> son camping-car<\/span>.<\/p>\n<p><span style=\"color: #000000;\">Le prix du s\u00e9jour du Client est calcul\u00e9 \u00e0 partir d&rsquo;un forfait de base 1 \u00e0 2 personnes et au-del\u00e0 fix\u00e9 en consid\u00e9ration du nombre de participants (ci-apr\u00e8s d\u00e9sign\u00e9 le \u00ab\u00a0<\/span><b><span style=\"color: #000000;\">Tarif<\/span><\/b><span style=\"color: #000000;\">\u00a0\u00bb).<\/span><\/p>\n<p><span style=\"color: #000000;\">La capacit\u00e9 maximale d\u2019accueil est de 6 personnes par emplacement.\u00a0<\/span><\/p>\n<p><span style=\"color: #000000;\">Le Tarif comprend la location de l&rsquo;Emplacement sur lequel le Client pourra installer <\/span><span style=\"color: #000000;\"><u>au choix<\/u><\/span><span style=\"color: #000000;\">\u00a0mais non cumulativement :<\/span><\/p>\n<ul>\n<li>\n<p><span style=\"color: #000000;\">une tente + un v\u00e9hicule,\u00a0<\/span><\/p>\n<\/li>\n<\/ul>\n<p><span style=\"color: #000000;\">OU\u00a0<\/span><\/p>\n<ul>\n<li>\n<p><span style=\"color: #000000;\">une caravane + un v\u00e9hicule,\u00a0<\/span><\/p>\n<\/li>\n<\/ul>\n<p><span style=\"color: #000000;\">OU\u00a0<\/span><\/p>\n<ul>\n<li>\n<p><span style=\"color: #000000;\">un camping-car.\u00a0<\/span><\/p>\n<\/li>\n<\/ul>\n<p><span style=\"color: #000000;\">Le Tarif comprend \u00e9galement l&rsquo;acc\u00e8s aux infrastructures d&rsquo;accueil, aux animations et sanitaires et, selon le forfait choisi, un branchement au r\u00e9seau \u00e9lectrique, voire d\u2019autres options.\u00a0<\/span><\/p>\n<p><span style=\"color: #000000;\">Les frais annexes (personne suppl\u00e9mentaire, v\u00e9hicule suppl\u00e9mentaire, animaux domestiques&#8230;) ne sont pas compris dans le tarif et s&rsquo;ajouteront \u00e0 ce dernier.<\/span><\/p>\n<p>[\/et_pb_text][\/et_pb_column][\/et_pb_row][et_pb_row _builder_version=\u00a0\u00bb4.27.3&Prime; _module_preset=\u00a0\u00bbdefault\u00a0\u00bb global_colors_info=\u00a0\u00bb{}\u00a0\u00bb][et_pb_column type=\u00a0\u00bb4_4&Prime; _builder_version=\u00a0\u00bb4.27.3&Prime; _module_preset=\u00a0\u00bbdefault\u00a0\u00bb global_colors_info=\u00a0\u00bb{}\u00a0\u00bb][et_pb_text _builder_version=\u00a0\u00bb4.27.4&Prime; _module_preset=\u00a0\u00bbdefault\u00a0\u00bb header_3_text_color=\u00a0\u00bbgcid-secondary-color\u00a0\u00bb custom_margin=\u00a0\u00bb||33px|||\u00a0\u00bb global_colors_info=\u00a0\u00bb{%22gcid-1f1b4e15-7cc6-4e13-8154-74d77a956460%22:%91%22quote_text_color%22,%22quote_text_color%22%93,%22gcid-d7cd5a78-aaef-4f36-82a3-4d3706015cba%22:%91%22link_text_color%22,%22quote_text_color%22,%22link_text_color%22,%22quote_text_color%22%93,%22gcid-primary-color%22:%91%22quote_text_color%22,%22quote_text_color%22%93,%22gcid-secondary-color%22:%91%22header_3_text_color%22%93}\u00a0\u00bb]<\/p>\n<h3><span>H\u00e9bergement locatif<\/span><\/h3>\n<p>[\/et_pb_text][et_pb_text _builder_version=\u00a0\u00bb4.27.4&Prime; _module_preset=\u00a0\u00bbdefault\u00a0\u00bb text_text_color=\u00a0\u00bbgcid-heading-color\u00a0\u00bb text_line_height=\u00a0\u00bb1.9em\u00a0\u00bb text_font_size_tablet=\u00a0\u00bb\u00a0\u00bb text_font_size_phone=\u00a0\u00bb\u00a0\u00bb text_font_size_last_edited=\u00a0\u00bbon|phone\u00a0\u00bb global_colors_info=\u00a0\u00bb{%22gcid-primary-color%22:%91%22quote_text_color%22%93,%22gcid-heading-color%22:%91%22text_text_color%22%93}\u00a0\u00bb]<span style=\"color: #000000;\">Le prix du s\u00e9jour comprend la location de l\u2019H\u00e9bergement en fonction du nombre de personnes (suivant la capacit\u00e9 conseill\u00e9e et conform\u00e9ment \u00e0 la capacit\u00e9 maximale de l&rsquo;h\u00e9bergement), le stationnement d\u2019un seul v\u00e9hicule, l&rsquo;acc\u00e8s aux infrastructures d&rsquo;accueil et aux animations.<\/span><\/p>\n<p><span style=\"color: #000000;\">Selon la typologie d&rsquo;H\u00e9bergement choisie, les frais annexes au titre notamment de : personne suppl\u00e9mentaire, v\u00e9hicule suppl\u00e9mentaire, recharge de v\u00e9hicules \u00e9lectriques ou hybrides (&#8230;) toutes autres options ne sont pas comprises dans le prix susvis\u00e9 et s\u2019ajouteront \u00e0 ce dernier. Les tarifs relatifs \u00e0 ses frais annexes sont \u00e0 consulter aupr\u00e8s du Camping.\u00a0<\/span><\/p>\n<p>Tous les h\u00e9bergements locatifs sont con\u00e7us et assur\u00e9s pour accueillir un nombre maximum de personnes. Aucune d\u00e9rogation ne sera donn\u00e9e.<\/p>\n<p><span style=\"color: #cc3d13;\"><strong>Les animaux ne sont pas admis au sein de nos h\u00e9bergements.<\/strong><\/span>[\/et_pb_text][\/et_pb_column][\/et_pb_row][et_pb_row _builder_version=\u00a0\u00bb4.27.3&Prime; _module_preset=\u00a0\u00bbdefault\u00a0\u00bb global_colors_info=\u00a0\u00bb{}\u00a0\u00bb][et_pb_column type=\u00a0\u00bb4_4&Prime; _builder_version=\u00a0\u00bb4.27.3&Prime; _module_preset=\u00a0\u00bbdefault\u00a0\u00bb global_colors_info=\u00a0\u00bb{}\u00a0\u00bb][et_pb_text _builder_version=\u00a0\u00bb4.27.4&Prime; _module_preset=\u00a0\u00bbdefault\u00a0\u00bb header_3_text_color=\u00a0\u00bbgcid-secondary-color\u00a0\u00bb custom_margin=\u00a0\u00bb||33px|||\u00a0\u00bb global_colors_info=\u00a0\u00bb{%22gcid-1f1b4e15-7cc6-4e13-8154-74d77a956460%22:%91%22quote_text_color%22,%22quote_text_color%22%93,%22gcid-d7cd5a78-aaef-4f36-82a3-4d3706015cba%22:%91%22link_text_color%22,%22quote_text_color%22,%22link_text_color%22,%22quote_text_color%22%93,%22gcid-primary-color%22:%91%22quote_text_color%22,%22quote_text_color%22%93,%22gcid-secondary-color%22:%91%22header_3_text_color%22%93}\u00a0\u00bb]<\/p>\n<h3><span>R\u00e9servation de groupe<\/span><\/h3>\n<p>[\/et_pb_text][et_pb_text _builder_version=\u00a0\u00bb4.27.4&Prime; _module_preset=\u00a0\u00bbdefault\u00a0\u00bb text_text_color=\u00a0\u00bbgcid-heading-color\u00a0\u00bb text_line_height=\u00a0\u00bb1.9em\u00a0\u00bb text_font_size_tablet=\u00a0\u00bb\u00a0\u00bb text_font_size_phone=\u00a0\u00bb\u00a0\u00bb text_font_size_last_edited=\u00a0\u00bbon|phone\u00a0\u00bb global_colors_info=\u00a0\u00bb{%22gcid-primary-color%22:%91%22quote_text_color%22%93,%22gcid-heading-color%22:%91%22text_text_color%22%93}\u00a0\u00bb]Pour toute demande de r\u00e9servation de groupe, vous devez imp\u00e9rativement contacter La Cale Sauvage par t\u00e9l\u00e9phone, par e-mail ou via notre rubrique \u00a0\u00bb Contact \u00a0\u00bb depuis notre site internet.<\/p>\n<p> La Cale Sauvage se r\u00e9serve le droit d\u2019\u00e9tudier la demande de r\u00e9servation avant acceptation ou refus de celle-ci.[\/et_pb_text][\/et_pb_column][\/et_pb_row][et_pb_row _builder_version=\u00a0\u00bb4.27.3&Prime; _module_preset=\u00a0\u00bbdefault\u00a0\u00bb global_colors_info=\u00a0\u00bb{}\u00a0\u00bb][et_pb_column type=\u00a0\u00bb4_4&Prime; _builder_version=\u00a0\u00bb4.27.3&Prime; _module_preset=\u00a0\u00bbdefault\u00a0\u00bb global_colors_info=\u00a0\u00bb{}\u00a0\u00bb][et_pb_text _builder_version=\u00a0\u00bb4.27.4&Prime; _module_preset=\u00a0\u00bbdefault\u00a0\u00bb header_3_text_color=\u00a0\u00bbgcid-secondary-color\u00a0\u00bb custom_margin=\u00a0\u00bb||33px|||\u00a0\u00bb global_colors_info=\u00a0\u00bb{%22gcid-1f1b4e15-7cc6-4e13-8154-74d77a956460%22:%91%22quote_text_color%22,%22quote_text_color%22%93,%22gcid-d7cd5a78-aaef-4f36-82a3-4d3706015cba%22:%91%22link_text_color%22,%22quote_text_color%22,%22link_text_color%22,%22quote_text_color%22%93,%22gcid-primary-color%22:%91%22quote_text_color%22,%22quote_text_color%22%93,%22gcid-secondary-color%22:%91%22header_3_text_color%22%93}\u00a0\u00bb]<\/p>\n<h3><span>Tarifs<\/span><\/h3>\n<p>[\/et_pb_text][et_pb_text _builder_version=\u00a0\u00bb4.27.4&Prime; _module_preset=\u00a0\u00bbdefault\u00a0\u00bb text_text_color=\u00a0\u00bbgcid-heading-color\u00a0\u00bb text_line_height=\u00a0\u00bb1.9em\u00a0\u00bb text_font_size_tablet=\u00a0\u00bb\u00a0\u00bb text_font_size_phone=\u00a0\u00bb\u00a0\u00bb text_font_size_last_edited=\u00a0\u00bbon|phone\u00a0\u00bb global_colors_info=\u00a0\u00bb{%22gcid-primary-color%22:%91%22quote_text_color%22%93,%22gcid-heading-color%22:%91%22text_text_color%22%93}\u00a0\u00bb]<\/p>\n<p><span style=\"color: #000000;\">\u00a0Le prix applicable sera fix\u00e9 selon le tarif en vigueur au moment de la r\u00e9servation. Les prix indiqu\u00e9s sont exprim\u00e9s en euros [\u20ac] et toutes taxes comprises [TTC]. <\/span><\/p>\n<p>Les prix indiqu\u00e9s sont valables pour l\u2019ann\u00e9e en cours, suivant le type d\u2019h\u00e9bergement ainsi que la p\u00e9riode et s\u2019entendent en euros, TVA incluse (10%).<\/p>\n<p>Les tarifs sont susceptibles de varier au cours de la saison.<\/p>\n<p><span style=\"color: #000000;\">Quelle que soit la formule adopt\u00e9e (Emplacement ou H\u00e9bergement), des frais suppl\u00e9mentaires pourront \u00eatre factur\u00e9s pour les personnes suppl\u00e9mentaires, les v\u00e9hicules suppl\u00e9mentaires, les animaux, les visiteurs.<\/span><\/p>\n<p>Une \u00e9co-participation de 40 cts \/ s\u00e9jour \/ adulte est \u00e9galement demand\u00e9e. L\u2019int\u00e9gralit\u00e9 de cette somme est r\u00e9investie dans une <a href=\"https:\/\/www.la-cale-sauvage.com\/en\/notre-demarche-durable\/\">d\u00e9marche d\u00e9veloppement durable<\/a> (plantations d&rsquo;arbres et v\u00e9g\u00e9taux, \u00e9conomies d\u2019\u00e9nergies, tri des<br \/>d\u00e9chets, etc.)<\/p>\n<p>[\/et_pb_text][\/et_pb_column][\/et_pb_row][et_pb_row _builder_version=\u00a0\u00bb4.27.3&Prime; _module_preset=\u00a0\u00bbdefault\u00a0\u00bb global_colors_info=\u00a0\u00bb{}\u00a0\u00bb][et_pb_column type=\u00a0\u00bb4_4&Prime; _builder_version=\u00a0\u00bb4.27.3&Prime; _module_preset=\u00a0\u00bbdefault\u00a0\u00bb global_colors_info=\u00a0\u00bb{}\u00a0\u00bb][et_pb_text _builder_version=\u00a0\u00bb4.27.4&Prime; _module_preset=\u00a0\u00bbdefault\u00a0\u00bb header_3_text_color=\u00a0\u00bbgcid-secondary-color\u00a0\u00bb global_colors_info=\u00a0\u00bb{%22gcid-1f1b4e15-7cc6-4e13-8154-74d77a956460%22:%91%22quote_text_color%22,%22quote_text_color%22%93,%22gcid-d7cd5a78-aaef-4f36-82a3-4d3706015cba%22:%91%22link_text_color%22,%22quote_text_color%22,%22link_text_color%22,%22quote_text_color%22%93,%22gcid-primary-color%22:%91%22quote_text_color%22,%22quote_text_color%22%93,%22gcid-secondary-color%22:%91%22header_3_text_color%22%93}\u00a0\u00bb]<\/p>\n<h3><span>Conditions de paiement<br \/><\/span><\/h3>\n<p>[\/et_pb_text][et_pb_text _builder_version=\u00a0\u00bb4.27.4&Prime; _module_preset=\u00a0\u00bbdefault\u00a0\u00bb text_line_height=\u00a0\u00bb1.9em\u00a0\u00bb text_font_size_tablet=\u00a0\u00bb\u00a0\u00bb text_font_size_phone=\u00a0\u00bb\u00a0\u00bb text_font_size_last_edited=\u00a0\u00bbon|phone\u00a0\u00bb global_colors_info=\u00a0\u00bb{}\u00a0\u00bb]<\/p>\n<p>La r\u00e9servation devient effective lorsque le locataire a vers\u00e9 \u00e0 La Cale Sauvage ou son repr\u00e9sentant un <strong>acompte de 30% du prix de s\u00e9jour<\/strong> major\u00e9 des frais d&rsquo;\u00e9co-participation (0,40 cts\/adulte\/s\u00e9jour) et a valid\u00e9 par courriel (ou courrier) son s\u00e9jour.<\/p>\n<p>Le solde de la location devra \u00eatre adress\u00e9 <strong>UN mois avant le d\u00e9but<\/strong> du s\u00e9jour sous peine de r\u00e9siliation du contrat. Dans le cas d\u2019une r\u00e9servation de derni\u00e8re minute, l\u2019int\u00e9gralit\u00e9 du montant du s\u00e9jour est exigible \u00e0 la r\u00e9servation.<\/p>\n<p>[\/et_pb_text][\/et_pb_column][\/et_pb_row][et_pb_row _builder_version=\u00a0\u00bb4.27.3&Prime; _module_preset=\u00a0\u00bbdefault\u00a0\u00bb global_colors_info=\u00a0\u00bb{}\u00a0\u00bb][et_pb_column type=\u00a0\u00bb4_4&Prime; _builder_version=\u00a0\u00bb4.27.3&Prime; _module_preset=\u00a0\u00bbdefault\u00a0\u00bb global_colors_info=\u00a0\u00bb{}\u00a0\u00bb][et_pb_text _builder_version=\u00a0\u00bb4.27.4&Prime; _module_preset=\u00a0\u00bbdefault\u00a0\u00bb header_3_text_color=\u00a0\u00bbgcid-secondary-color\u00a0\u00bb global_colors_info=\u00a0\u00bb{%22gcid-1f1b4e15-7cc6-4e13-8154-74d77a956460%22:%91%22quote_text_color%22,%22quote_text_color%22%93,%22gcid-d7cd5a78-aaef-4f36-82a3-4d3706015cba%22:%91%22link_text_color%22,%22quote_text_color%22,%22link_text_color%22,%22quote_text_color%22%93,%22gcid-primary-color%22:%91%22quote_text_color%22,%22quote_text_color%22%93,%22gcid-secondary-color%22:%91%22header_3_text_color%22%93}\u00a0\u00bb]<\/p>\n<h3>Abscence de droit de r\u00e9tractation<\/h3>\n<p>[\/et_pb_text][et_pb_text _builder_version=\u00a0\u00bb4.27.4&Prime; _module_preset=\u00a0\u00bbdefault\u00a0\u00bb text_line_height=\u00a0\u00bb1.9em\u00a0\u00bb text_font_size_tablet=\u00a0\u00bb\u00a0\u00bb text_font_size_phone=\u00a0\u00bb\u00a0\u00bb text_font_size_last_edited=\u00a0\u00bbon|phone\u00a0\u00bb global_colors_info=\u00a0\u00bb{}\u00a0\u00bb]Conform\u00e9ment \u00e0 l\u2019article L.221-28 du code de la consommation, La Cale Sauvage informe ses clients que la vente de prestations de services d\u2019h\u00e9bergement fournies \u00e0 une date d\u00e9termin\u00e9e, ou selon une p\u00e9riodicit\u00e9 d\u00e9termin\u00e9e, n\u2019est pas soumise aux dispositions relatives au d\u00e9lai de r\u00e9tractation de 14 jours.[\/et_pb_text][\/et_pb_column][\/et_pb_row][et_pb_row _builder_version=\u00a0\u00bb4.27.3&Prime; _module_preset=\u00a0\u00bbdefault\u00a0\u00bb global_colors_info=\u00a0\u00bb{}\u00a0\u00bb][et_pb_column type=\u00a0\u00bb4_4&Prime; _builder_version=\u00a0\u00bb4.27.3&Prime; _module_preset=\u00a0\u00bbdefault\u00a0\u00bb global_colors_info=\u00a0\u00bb{}\u00a0\u00bb][et_pb_text _builder_version=\u00a0\u00bb4.27.4&Prime; _module_preset=\u00a0\u00bbdefault\u00a0\u00bb header_3_text_color=\u00a0\u00bbgcid-secondary-color\u00a0\u00bb global_colors_info=\u00a0\u00bb{%22gcid-1f1b4e15-7cc6-4e13-8154-74d77a956460%22:%91%22quote_text_color%22,%22quote_text_color%22%93,%22gcid-d7cd5a78-aaef-4f36-82a3-4d3706015cba%22:%91%22link_text_color%22,%22quote_text_color%22,%22link_text_color%22,%22quote_text_color%22%93,%22gcid-primary-color%22:%91%22quote_text_color%22,%22quote_text_color%22%93,%22gcid-secondary-color%22:%91%22header_3_text_color%22%93}\u00a0\u00bb]<\/p>\n<h3>Arriv\u00e9es, \u00e9tat des<br \/>lieux, d\u00e9p\u00f4t de garantie et d\u00e9parts<\/h3>\n<p>[\/et_pb_text][et_pb_text _builder_version=\u00a0\u00bb4.27.4&Prime; _module_preset=\u00a0\u00bbdefault\u00a0\u00bb text_line_height=\u00a0\u00bb1.9em\u00a0\u00bb text_font_size_tablet=\u00a0\u00bb\u00a0\u00bb text_font_size_phone=\u00a0\u00bb\u00a0\u00bb text_font_size_last_edited=\u00a0\u00bbon|phone\u00a0\u00bb global_colors_info=\u00a0\u00bb{}\u00a0\u00bb]<\/p>\n<p><span style=\"text-decoration: underline;\"><strong>Horaires d&rsquo;arriv\u00e9es<\/strong><br \/><\/span><br \/>Les arriv\u00e9es pour les emplacements et pour les h\u00e9bergements locatifs sont possibles tous les jours uniquement <strong><span style=\"color: #cc3d13;\">entre 15h00 et 19h00<\/span>.<\/strong> En cas d\u2019arriv\u00e9e tardive ou diff\u00e9r\u00e9e, le locataire est pri\u00e9 d\u2019en informer le camping. Le cas \u00e9ch\u00e9ant le camping pourra \u00e0 nouveau disposer de l\u2019emplacement ou de l\u2019h\u00e9bergement dans un d\u00e9lai de 24 heures apr\u00e8s la date pr\u00e9vue de l\u2019arriv\u00e9e. L\u2019acompte restera acquis.<\/p>\n<p>L\u2019emplacement d\u00e9finitif sera d\u00e9termin\u00e9 par le camping, en aucun cas vous ne pourrez revendiquer un emplacement pr\u00e9cis. Par pr\u00e9caution pour les emplacements lou\u00e9s avec \u00e9lectricit\u00e9, se munir d\u2019une rallonge \u00e9lectrique et d\u2019une prise europ\u00e9enne.<\/p>\n<p><span style=\"text-decoration: underline;\"><strong>Le jour de votre d\u00e9part:<\/strong><br \/><\/span><br \/><span style=\"text-decoration: underline;\">Our pitches<\/span><br \/>Les emplacements devront \u00eatre lib\u00e9r\u00e9s <strong>avant 12h.<\/strong><span style=\"background-color: transparent;\">L\u2019emplacement qui aura \u00e9t\u00e9 utilis\u00e9 durant le s\u00e9jour devra \u00eatre maintenu dans l\u2019\u00e9tat dans lequel le campeur l\u2019a trouv\u00e9 \u00e0 son entr\u00e9e dans les lieux.<\/span><\/p>\n<p><span style=\"text-decoration: underline;\">Les h\u00e9bergements locatifs<\/span><br \/>Les h\u00e9bergements locatifs doivent \u00eatre lib\u00e9r\u00e9s <strong>imp\u00e9rativement avant 10h00<\/strong>.<br \/>En cas de d\u00e9part tarif, merci de pr\u00e9venir La Cale Sauvage ou un repr\u00e9sentant, un suppl\u00e9ment vous sera demand\u00e9 \u00e0 la r\u00e9ception:<br \/>&#8211; option d\u00e9part tardif jusqu&rsquo;\u00e0 10h45: 15 euros<br \/>&#8211; option d\u00e9part tardif jusqu&rsquo;\u00e0 11h35: 30 euros<\/p>\n<p>Apr\u00e8s pr\u00e9sentation \u00e0 l&rsquo;accueil et <strong>d\u00e9p\u00f4t d&rsquo;une caution de 100 euros<\/strong> <strong>par empreinte bancaire.<\/strong><\/p>\n<p><span style=\"text-decoration: underline;\">Etat des lieux d&rsquo;entr\u00e9e de l&rsquo;h\u00e9bergement locatif<\/span><strong><br \/><\/strong>L&rsquo;inventaire est effectu\u00e9 par le locataire. Il est distribu\u00e9 \u00e0 l&rsquo;arriv\u00e9e dans l&rsquo;h\u00e9bergement locatif. Le locataire est tenu de le contr\u00f4ler et de signaler, le jour m\u00eame toute anomalie.<\/p>\n<p>Toute insatisfaction concernant l&rsquo;\u00e9tat de propret\u00e9, ou l&rsquo;\u00e9tat g\u00e9n\u00e9ral du locatif doit \u00eatre notifi\u00e9e au plus tard 24h apr\u00e8s l&rsquo;arriv\u00e9e, ceci afin de permettre d&rsquo;y rem\u00e9dier. Aucune r\u00e9clamation ne sera recevable plus de 24h apr\u00e8s le jour d&rsquo;arriv\u00e9e.<\/p>\n<p><span style=\"text-decoration: underline;\">Etat des lieux de sortie de l&rsquo;h\u00e9bergement locatif<\/span><strong><\/strong><br \/>La caution par empreinte bancaire, vous sera restitu\u00e9e, le jour de votre d\u00e9part apr\u00e8s inventaire du mobil-home et \u00e0 condition qu\u2019il soit <strong><span style=\"text-decoration: underline;\">laiss\u00e9 parfaitement propre et sans d\u00e9gradation<\/span><\/strong><\/p>\n<p><strong>Arriv\u00e9e retard\u00e9e<\/strong><br \/>En cas d\u2019arriv\u00e9e retard\u00e9e ou de d\u00e9part anticip\u00e9 par rapport aux dates mentionn\u00e9es sur la facture de l&rsquo;acompte, il ne vous sera rien rembours\u00e9 pour un h\u00e9bergement.<\/p>\n<p>&nbsp;<\/p>\n<p>[\/et_pb_text][\/et_pb_column][\/et_pb_row][et_pb_row _builder_version=\u00a0\u00bb4.27.4&Prime; _module_preset=\u00a0\u00bbdefault\u00a0\u00bb global_colors_info=\u00a0\u00bb{}\u00a0\u00bb][et_pb_column type=\u00a0\u00bb4_4&Prime; _builder_version=\u00a0\u00bb4.27.4&Prime; _module_preset=\u00a0\u00bbdefault\u00a0\u00bb global_colors_info=\u00a0\u00bb{}\u00a0\u00bb][et_pb_text _builder_version=\u00a0\u00bb4.27.4&Prime; _module_preset=\u00a0\u00bbdefault\u00a0\u00bb header_3_text_color=\u00a0\u00bbgcid-secondary-color\u00a0\u00bb global_colors_info=\u00a0\u00bb{%22gcid-1f1b4e15-7cc6-4e13-8154-74d77a956460%22:%91%22quote_text_color%22,%22quote_text_color%22%93,%22gcid-d7cd5a78-aaef-4f36-82a3-4d3706015cba%22:%91%22link_text_color%22,%22quote_text_color%22,%22link_text_color%22,%22quote_text_color%22%93,%22gcid-primary-color%22:%91%22quote_text_color%22,%22quote_text_color%22%93,%22gcid-secondary-color%22:%91%22header_3_text_color%22%93}\u00a0\u00bb]<\/p>\n<h3>Annulation du s\u00e9jour<\/h3>\n<p>[\/et_pb_text][et_pb_text _builder_version=\u00a0\u00bb4.27.4&Prime; _module_preset=\u00a0\u00bbdefault\u00a0\u00bb global_colors_info=\u00a0\u00bb{}\u00a0\u00bb]<\/p>\n<p class=\"Paragraphestandard\">Toute annulation de r\u00e9servation doit \u00eatre effectu\u00e9e par \u00e9crit (e-mail ou envoi postal) aupr\u00e8s de l\u2019\u00e9tablissement. En cas d\u2019annulation, il vous sera retenu, ou vous resterez devoir :<\/p>\n<ul>\n<li class=\"Paragraphestandard\">\u00a0 un montant \u00e9gal \u00e0 30% du co\u00fbt int\u00e9gral de votre s\u00e9jour, en cas d\u2019annulation \u00e0 plus de 30 jours avant la date pr\u00e9vue de votre arriv\u00e9e.<\/li>\n<li class=\"Paragraphestandard\">\u00a0 le montant int\u00e9gral de votre s\u00e9jour, en cas d\u2019annulation \u00e0 moins de 30 jours avant la date pr\u00e9vue de votre arriv\u00e9e, ou si vous ne vous pr\u00e9sentez pas \u00e0 cette date.<\/li>\n<\/ul>\n<p class=\"Paragraphestandard\"><a href=\"https:\/\/www.la-cale-sauvage.com\/en\/assurance-annulation-meetch\/\">Une assurance compl\u00e9mentaire<\/a> vous permettant d\u2019obtenir le remboursement du montant de votre s\u00e9jour en cas d\u2019annulation suivant certaines conditions.<\/p>\n<p>[\/et_pb_text][\/et_pb_column][\/et_pb_row][et_pb_row _builder_version=\u00a0\u00bb4.27.3&Prime; _module_preset=\u00a0\u00bbdefault\u00a0\u00bb global_colors_info=\u00a0\u00bb{}\u00a0\u00bb][et_pb_column type=\u00a0\u00bb4_4&Prime; _builder_version=\u00a0\u00bb4.27.3&Prime; _module_preset=\u00a0\u00bbdefault\u00a0\u00bb global_colors_info=\u00a0\u00bb{}\u00a0\u00bb][et_pb_text _builder_version=\u00a0\u00bb4.27.3&Prime; _module_preset=\u00a0\u00bbdefault\u00a0\u00bb header_3_text_color=\u00a0\u00bbgcid-secondary-color\u00a0\u00bb global_colors_info=\u00a0\u00bb{%22gcid-1f1b4e15-7cc6-4e13-8154-74d77a956460%22:%91%22quote_text_color%22,%22quote_text_color%22%93,%22gcid-d7cd5a78-aaef-4f36-82a3-4d3706015cba%22:%91%22link_text_color%22,%22quote_text_color%22,%22link_text_color%22,%22quote_text_color%22%93,%22gcid-primary-color%22:%91%22quote_text_color%22,%22quote_text_color%22%93,%22gcid-secondary-color%22:%91%22header_3_text_color%22%93}\u00a0\u00bb]<\/p>\n<h3>R\u00e8glement relatif aux animaux dans le camping<\/h3>\n<p>[\/et_pb_text][et_pb_text _builder_version=\u00a0\u00bb4.27.4&Prime; _module_preset=\u00a0\u00bbdefault\u00a0\u00bb text_line_height=\u00a0\u00bb1.9em\u00a0\u00bb text_font_size_tablet=\u00a0\u00bb\u00a0\u00bb text_font_size_phone=\u00a0\u00bb\u00a0\u00bb text_font_size_last_edited=\u00a0\u00bbon|phone\u00a0\u00bb global_colors_info=\u00a0\u00bb{}\u00a0\u00bb]<\/p>\n<p>Les animaux sont accept\u00e9s sur les emplacements et avec suppl\u00e9ment, payable \u00e0 la r\u00e9servation. Nous ne les acceptons pas au sein des h\u00e9bergements locatifs.<\/p>\n<p>Afin d\u2019assurer le confort et la s\u00e9curit\u00e9 de tous, l\u2019accueil des animaux est autoris\u00e9 dans le camping sous les<br \/>conditions suivantes :<\/p>\n<p><span style=\"text-decoration: underline;\"><strong>D\u00e9claration et autorisation<\/strong><\/span><\/p>\n<ul>\n<li>Tout animal doit \u00eatre d\u00e9clar\u00e9 avant le d\u00e9but du s\u00e9jour.<\/li>\n<li>L\u2019accueil d\u2019un animal est soumis \u00e0 l\u2019accord pr\u00e9alable de la direction.<\/li>\n<li>Carnet de vaccination \u00e0 jour obligatoire.<\/li>\n<li>Sans accord explicite, le camping se r\u00e9serve le droit de refuser la r\u00e9servation ou l\u2019acc\u00e8s au camping.<\/li>\n<\/ul>\n<p><strong><span style=\"text-decoration: underline;\">Animaux accept\u00e9s et refus\u00e9s<\/span><br \/><\/strong><\/p>\n<ul>\n<li>Seuls les chiens et chats sont autoris\u00e9s.<\/li>\n<li>Les chiens de cat\u00e9gorie 1 et 2, ainsi que les chiens dits de garde ou de s\u00e9curit\u00e9, sont interdits.<\/li>\n<li>Le camping peut refuser tout animal suppos\u00e9 agressif ou dangereux<\/li>\n<\/ul>\n<p><strong><span style=\"text-decoration: underline;\">R\u00e8gles de vie au sein du camping et \u00e0 la guinguette<\/span><\/strong><\/p>\n<ul>\n<li>Les animaux doivent \u00eatre tenus en laisse en permanence.<\/li>\n<li>Les promenades quotidiennes (petites ou grosses commissions) doivent se faire \u00e0 l\u2019ext\u00e9rieur du<br \/>camping, sacs de d\u00e9jections en poche.<\/li>\n<li>Les animaux ne doivent pas \u00eatre laiss\u00e9s seuls sur les emplacements.<\/li>\n<li>L\u2019acc\u00e8s des animaux est interdit dans les sanitaires<\/li>\n<\/ul>\n<p><strong><span style=\"text-decoration: underline;\">Responsabilit\u00e9s<\/span><\/strong><\/p>\n<ul>\n<li>Le propri\u00e9taire est enti\u00e8rement responsable de son animal et des nuisances ou dommages qu\u2019il<br \/>pourrait causer.<\/li>\n<li>Le camping d\u00e9cline toute responsabilit\u00e9 en cas d\u2019incident impliquant un animal.<\/li>\n<\/ul>\n<p>[\/et_pb_text][\/et_pb_column][\/et_pb_row][et_pb_row _builder_version=\u00a0\u00bb4.27.3&Prime; _module_preset=\u00a0\u00bbdefault\u00a0\u00bb global_colors_info=\u00a0\u00bb{}\u00a0\u00bb][et_pb_column type=\u00a0\u00bb4_4&Prime; _builder_version=\u00a0\u00bb4.27.3&Prime; _module_preset=\u00a0\u00bbdefault\u00a0\u00bb global_colors_info=\u00a0\u00bb{}\u00a0\u00bb][et_pb_text _builder_version=\u00a0\u00bb4.27.3&Prime; _module_preset=\u00a0\u00bbdefault\u00a0\u00bb header_3_text_color=\u00a0\u00bbgcid-secondary-color\u00a0\u00bb global_colors_info=\u00a0\u00bb{%22gcid-1f1b4e15-7cc6-4e13-8154-74d77a956460%22:%91%22quote_text_color%22,%22quote_text_color%22%93,%22gcid-d7cd5a78-aaef-4f36-82a3-4d3706015cba%22:%91%22link_text_color%22,%22quote_text_color%22,%22link_text_color%22,%22quote_text_color%22%93,%22gcid-primary-color%22:%91%22quote_text_color%22,%22quote_text_color%22%93,%22gcid-secondary-color%22:%91%22header_3_text_color%22%93}\u00a0\u00bb]<\/p>\n<h3>Responsabilit\u00e9<\/h3>\n<p>[\/et_pb_text][et_pb_text _builder_version=\u00a0\u00bb4.27.3&Prime; _module_preset=\u00a0\u00bbdefault\u00a0\u00bb text_line_height=\u00a0\u00bb1.9em\u00a0\u00bb text_font_size_tablet=\u00a0\u00bb\u00a0\u00bb text_font_size_phone=\u00a0\u00bb\u00a0\u00bb text_font_size_last_edited=\u00a0\u00bbon|phone\u00a0\u00bb global_colors_info=\u00a0\u00bb{}\u00a0\u00bb]<\/p>\n<p>La Cale Sauvage d\u00e9cline toute responsabilit\u00e9 en cas de vol, incendie, intemp\u00e9rie, d\u00e9gradation de biens ou de v\u00e9hicules&#8230; Ainsi qu\u2019en cas d\u2019accident relevant de la responsabilit\u00e9 civile du client ou d\u2019un autre client.<\/p>\n<p>[\/et_pb_text][\/et_pb_column][\/et_pb_row][et_pb_row _builder_version=\u00a0\u00bb4.27.3&Prime; _module_preset=\u00a0\u00bbdefault\u00a0\u00bb global_colors_info=\u00a0\u00bb{}\u00a0\u00bb][et_pb_column type=\u00a0\u00bb4_4&Prime; _builder_version=\u00a0\u00bb4.27.3&Prime; _module_preset=\u00a0\u00bbdefault\u00a0\u00bb global_colors_info=\u00a0\u00bb{}\u00a0\u00bb][et_pb_text _builder_version=\u00a0\u00bb4.27.3&Prime; _module_preset=\u00a0\u00bbdefault\u00a0\u00bb header_3_text_color=\u00a0\u00bbgcid-secondary-color\u00a0\u00bb global_colors_info=\u00a0\u00bb{%22gcid-1f1b4e15-7cc6-4e13-8154-74d77a956460%22:%91%22quote_text_color%22,%22quote_text_color%22%93,%22gcid-d7cd5a78-aaef-4f36-82a3-4d3706015cba%22:%91%22link_text_color%22,%22quote_text_color%22,%22link_text_color%22,%22quote_text_color%22%93,%22gcid-primary-color%22:%91%22quote_text_color%22,%22quote_text_color%22%93,%22gcid-secondary-color%22:%91%22header_3_text_color%22%93}\u00a0\u00bb]<\/p>\n<h3>Image<\/h3>\n<p>[\/et_pb_text][et_pb_text _builder_version=\u00a0\u00bb4.27.3&Prime; _module_preset=\u00a0\u00bbdefault\u00a0\u00bb text_line_height=\u00a0\u00bb1.9em\u00a0\u00bb text_font_size_tablet=\u00a0\u00bb\u00a0\u00bb text_font_size_phone=\u00a0\u00bb\u00a0\u00bb text_font_size_last_edited=\u00a0\u00bbon|phone\u00a0\u00bb global_colors_info=\u00a0\u00bb{}\u00a0\u00bb]<\/p>\n<p>En acceptant les pr\u00e9sentes Conditions G\u00e9n\u00e9rales de Vente, le client autorise express\u00e9ment et \u00e0 titre gratuit, La Cale Sauvage \u00e0 le photographier ou le filmer pendant son s\u00e9jour et \u00e0 utiliser sur tous supports les photos, vid\u00e9os ou sons, et ce pour une dur\u00e9e de 5 ans. Elle a pour but d&rsquo;assurer la promotion nationale et internationale du camping sur ses sites internet, ses brochures, Facebook, Instagram ses pr\u00e9sentations commerciales ou dans les guides touristiques.<\/p>\n<p>[\/et_pb_text][\/et_pb_column][\/et_pb_row][et_pb_row _builder_version=\u00a0\u00bb4.27.3&Prime; _module_preset=\u00a0\u00bbdefault\u00a0\u00bb global_colors_info=\u00a0\u00bb{}\u00a0\u00bb][et_pb_column type=\u00a0\u00bb4_4&Prime; _builder_version=\u00a0\u00bb4.27.3&Prime; _module_preset=\u00a0\u00bbdefault\u00a0\u00bb global_colors_info=\u00a0\u00bb{}\u00a0\u00bb][et_pb_text _builder_version=\u00a0\u00bb4.27.4&Prime; _module_preset=\u00a0\u00bbdefault\u00a0\u00bb header_3_text_color=\u00a0\u00bbgcid-secondary-color\u00a0\u00bb global_colors_info=\u00a0\u00bb{%22gcid-1f1b4e15-7cc6-4e13-8154-74d77a956460%22:%91%22quote_text_color%22,%22quote_text_color%22%93,%22gcid-d7cd5a78-aaef-4f36-82a3-4d3706015cba%22:%91%22link_text_color%22,%22quote_text_color%22,%22link_text_color%22,%22quote_text_color%22%93,%22gcid-primary-color%22:%91%22quote_text_color%22,%22quote_text_color%22%93,%22gcid-secondary-color%22:%91%22header_3_text_color%22%93}\u00a0\u00bb]<\/p>\n<h3>Note importante<\/h3>\n<p>[\/et_pb_text][et_pb_text _builder_version=\u00a0\u00bb4.27.4&Prime; _module_preset=\u00a0\u00bbdefault\u00a0\u00bb text_line_height=\u00a0\u00bb1.9em\u00a0\u00bb text_font_size_tablet=\u00a0\u00bb\u00a0\u00bb text_font_size_phone=\u00a0\u00bb\u00a0\u00bb text_font_size_last_edited=\u00a0\u00bbon|phone\u00a0\u00bb global_colors_info=\u00a0\u00bb{}\u00a0\u00bb]<\/p>\n<p class=\"Paragraphestandard\">Aucune brochure et site internet n&rsquo;est \u00e0 l&rsquo;abri d&rsquo;erreur typographiques, d\u00e9faut d&rsquo;actualisation et information non compl\u00e8te. En cas de doute, il est conseill\u00e9 de nous contacter pour v\u00e9rifier les informations de notre site internet. Veuillez-vous faire confirmer les prix \u00e0 la r\u00e9servation, seuls les prix mentionn\u00e9s sur votre facture seront contractuels.<\/p>\n<p>[\/et_pb_text][\/et_pb_column][\/et_pb_row][et_pb_row _builder_version=\u00a0\u00bb4.27.3&Prime; _module_preset=\u00a0\u00bbdefault\u00a0\u00bb global_colors_info=\u00a0\u00bb{}\u00a0\u00bb][et_pb_column type=\u00a0\u00bb4_4&Prime; _builder_version=\u00a0\u00bb4.27.3&Prime; _module_preset=\u00a0\u00bbdefault\u00a0\u00bb global_colors_info=\u00a0\u00bb{}\u00a0\u00bb][et_pb_text _builder_version=\u00a0\u00bb4.27.3&Prime; _module_preset=\u00a0\u00bbdefault\u00a0\u00bb header_3_text_color=\u00a0\u00bbgcid-secondary-color\u00a0\u00bb global_colors_info=\u00a0\u00bb{%22gcid-1f1b4e15-7cc6-4e13-8154-74d77a956460%22:%91%22quote_text_color%22,%22quote_text_color%22%93,%22gcid-d7cd5a78-aaef-4f36-82a3-4d3706015cba%22:%91%22link_text_color%22,%22quote_text_color%22,%22link_text_color%22,%22quote_text_color%22%93,%22gcid-primary-color%22:%91%22quote_text_color%22,%22quote_text_color%22%93,%22gcid-secondary-color%22:%91%22header_3_text_color%22%93}\u00a0\u00bb]<\/p>\n<h3>Informatique et libert\u00e9<\/h3>\n<p>[\/et_pb_text][et_pb_text _builder_version=\u00a0\u00bb4.27.3&Prime; _module_preset=\u00a0\u00bbdefault\u00a0\u00bb text_line_height=\u00a0\u00bb1.9em\u00a0\u00bb text_font_size_tablet=\u00a0\u00bb\u00a0\u00bb text_font_size_phone=\u00a0\u00bb\u00a0\u00bb text_font_size_last_edited=\u00a0\u00bbon|phone\u00a0\u00bb global_colors_info=\u00a0\u00bb{}\u00a0\u00bb]<\/p>\n<p>En conformit\u00e9 avec les dispositions de la loi 6 janvier 1978 relative \u00e0 l&rsquo;Informatique, aux fichiers et aux libert\u00e9s modifi\u00e9es, les traitements automatis\u00e9s de donn\u00e9es nominatives r\u00e9alis\u00e9s \u00e0 partir du site web ont fait l&rsquo;objet d&rsquo;une d\u00e9claration aupr\u00e8s de la Commission nationale de l&rsquo;informatique et des libert\u00e9s (Cnil) qui a d\u00e9livr\u00e9 un r\u00e9c\u00e9piss\u00e9 sous le num\u00e9ro 1691887.<\/p>\n<p>L&rsquo;utilisateur est notamment inform\u00e9 que, conform\u00e9ment \u00e0 l&rsquo;article 32 de la loi informatique, fichiers et libert\u00e9s du 6 janvier 1978 modifi\u00e9e, les informations communiqu\u00e9es par l&rsquo;utilisateur du fait des formulaires pr\u00e9sents sur le site, sont n\u00e9cessaires pour r\u00e9pondre \u00e0 sa demande et sont destin\u00e9s \u00e0 l&rsquo;exploitant du site web, responsable du traitement \u00e0 des fins de gestion administrative et commerciale.<\/p>\n<p>L&rsquo;utilisateur est inform\u00e9 qu&rsquo;il dispose d&rsquo;un droit d&rsquo;acc\u00e8s et de rectification portant sur les donn\u00e9es le concernant en \u00e9crivant \u00e0 l&rsquo;exploitant du site web dont l&rsquo;adresse est la suivante\u00a0:<\/p>\n<p>LA CALE SAUVAGE<\/p>\n<p>Square de la chauss\u00e9e, <br \/>44320 Frossay<\/p>\n<p>[\/et_pb_text][\/et_pb_column][\/et_pb_row][\/et_pb_section]<\/p>","protected":false},"excerpt":{"rendered":"<p>Conditions g\u00e9n\u00e9rales de venteAfin de pouvoir b\u00e9n\u00e9ficier des prestations propos\u00e9es par La Cale Sauvage, nous vous demandons de lire attentivement les conditions g\u00e9n\u00e9rales ci-dessous. Ces conditions r\u00e9gissent les ventes de [&hellip;]<\/p>","protected":false},"author":1,"featured_media":0,"parent":0,"menu_order":0,"comment_status":"closed","ping_status":"closed","template":"","meta":{"_et_pb_use_builder":"on","_et_pb_old_content":"","_et_gb_content_width":"","footnotes":""},"class_list":["post-27868","page","type-page","status-publish","hentry"],"yoast_head":"<!-- This site is optimized with the Yoast SEO plugin v26.8 - https:\/\/yoast.com\/product\/yoast-seo-wordpress\/ -->\n<title>Conditions g\u00e9n\u00e9rales de vente - La Cale Sauvage<\/title>\n<meta name=\"robots\" content=\"index, follow, max-snippet:-1, max-image-preview:large, max-video-preview:-1\" \/>\n<link rel=\"canonical\" href=\"https:\/\/www.la-cale-sauvage.com\/en\/conditions-generales-de-vente\/\" \/>\n<meta property=\"og:locale\" content=\"en_GB\" \/>\n<meta property=\"og:type\" content=\"article\" \/>\n<meta property=\"og:title\" content=\"Conditions g\u00e9n\u00e9rales de vente - La Cale Sauvage\" \/>\n<meta property=\"og:description\" content=\"Conditions g\u00e9n\u00e9rales de venteAfin de pouvoir b\u00e9n\u00e9ficier des prestations propos\u00e9es par La Cale Sauvage, nous vous demandons de lire attentivement les conditions g\u00e9n\u00e9rales ci-dessous. Ces conditions r\u00e9gissent les ventes de [&hellip;]\" \/>\n<meta property=\"og:url\" content=\"https:\/\/www.la-cale-sauvage.com\/en\/conditions-generales-de-vente\/\" \/>\n<meta property=\"og:site_name\" content=\"La Cale Sauvage\" \/>\n<meta property=\"article:publisher\" content=\"https:\/\/www.facebook.com\/people\/La-Cale-Sauvage\/61559091470458\/\" \/>\n<meta property=\"article:modified_time\" content=\"2025-11-27T13:57:24+00:00\" \/>\n<meta property=\"og:image\" content=\"https:\/\/www.la-cale-sauvage.com\/wp-content\/uploads\/2024\/11\/camping-la-cale-sauvage.jpg\" \/>\n\t<meta property=\"og:image:width\" content=\"792\" \/>\n\t<meta property=\"og:image:height\" content=\"781\" \/>\n\t<meta property=\"og:image:type\" content=\"image\/jpeg\" \/>\n<meta name=\"twitter:card\" content=\"summary_large_image\" \/>\n<meta name=\"twitter:label1\" content=\"Estimated reading time\" \/>\n\t<meta name=\"twitter:data1\" content=\"22 minutes\" \/>\n<script type=\"application\/ld+json\" class=\"yoast-schema-graph\">{\"@context\":\"https:\/\/schema.org\",\"@graph\":[{\"@type\":\"WebPage\",\"@id\":\"https:\/\/www.la-cale-sauvage.com\/conditions-generales-de-vente\/\",\"url\":\"https:\/\/www.la-cale-sauvage.com\/conditions-generales-de-vente\/\",\"name\":\"Conditions g\u00e9n\u00e9rales de vente - La Cale Sauvage\",\"isPartOf\":{\"@id\":\"https:\/\/www.la-cale-sauvage.com\/#website\"},\"datePublished\":\"2024-12-02T09:51:29+00:00\",\"dateModified\":\"2025-11-27T13:57:24+00:00\",\"breadcrumb\":{\"@id\":\"https:\/\/www.la-cale-sauvage.com\/conditions-generales-de-vente\/#breadcrumb\"},\"inLanguage\":\"en-GB\",\"potentialAction\":[{\"@type\":\"ReadAction\",\"target\":[\"https:\/\/www.la-cale-sauvage.com\/conditions-generales-de-vente\/\"]}]},{\"@type\":\"BreadcrumbList\",\"@id\":\"https:\/\/www.la-cale-sauvage.com\/conditions-generales-de-vente\/#breadcrumb\",\"itemListElement\":[{\"@type\":\"ListItem\",\"position\":1,\"name\":\"Accueil\",\"item\":\"https:\/\/www.la-cale-sauvage.com\/\"},{\"@type\":\"ListItem\",\"position\":2,\"name\":\"Conditions g\u00e9n\u00e9rales de vente\"}]},{\"@type\":\"WebSite\",\"@id\":\"https:\/\/www.la-cale-sauvage.com\/#website\",\"url\":\"https:\/\/www.la-cale-sauvage.com\/\",\"name\":\"La Cale Sauvage\",\"description\":\"Guinguette &amp; camping \u00e0 Frossay\",\"publisher\":{\"@id\":\"https:\/\/www.la-cale-sauvage.com\/#organization\"},\"potentialAction\":[{\"@type\":\"SearchAction\",\"target\":{\"@type\":\"EntryPoint\",\"urlTemplate\":\"https:\/\/www.la-cale-sauvage.com\/?s={search_term_string}\"},\"query-input\":{\"@type\":\"PropertyValueSpecification\",\"valueRequired\":true,\"valueName\":\"search_term_string\"}}],\"inLanguage\":\"en-GB\"},{\"@type\":\"Organization\",\"@id\":\"https:\/\/www.la-cale-sauvage.com\/#organization\",\"name\":\"La Cale Sauvage - Camping guinguette\",\"url\":\"https:\/\/www.la-cale-sauvage.com\/\",\"logo\":{\"@type\":\"ImageObject\",\"inLanguage\":\"en-GB\",\"@id\":\"https:\/\/www.la-cale-sauvage.com\/#\/schema\/logo\/image\/\",\"url\":\"https:\/\/www.la-cale-sauvage.com\/wp-content\/uploads\/2024\/04\/cropped-Logo-noir.png\",\"contentUrl\":\"https:\/\/www.la-cale-sauvage.com\/wp-content\/uploads\/2024\/04\/cropped-Logo-noir.png\",\"width\":2653,\"height\":2050,\"caption\":\"La Cale Sauvage - Camping guinguette\"},\"image\":{\"@id\":\"https:\/\/www.la-cale-sauvage.com\/#\/schema\/logo\/image\/\"},\"sameAs\":[\"https:\/\/www.facebook.com\/people\/La-Cale-Sauvage\/61559091470458\/\"]}]}<\/script>\n<!-- \/ Yoast SEO plugin. -->","yoast_head_json":{"title":"Conditions g\u00e9n\u00e9rales de vente - La Cale Sauvage","robots":{"index":"index","follow":"follow","max-snippet":"max-snippet:-1","max-image-preview":"max-image-preview:large","max-video-preview":"max-video-preview:-1"},"canonical":"https:\/\/www.la-cale-sauvage.com\/en\/conditions-generales-de-vente\/","og_locale":"en_GB","og_type":"article","og_title":"Conditions g\u00e9n\u00e9rales de vente - La Cale Sauvage","og_description":"Conditions g\u00e9n\u00e9rales de venteAfin de pouvoir b\u00e9n\u00e9ficier des prestations propos\u00e9es par La Cale Sauvage, nous vous demandons de lire attentivement les conditions g\u00e9n\u00e9rales ci-dessous. Ces conditions r\u00e9gissent les ventes de [&hellip;]","og_url":"https:\/\/www.la-cale-sauvage.com\/en\/conditions-generales-de-vente\/","og_site_name":"La Cale Sauvage","article_publisher":"https:\/\/www.facebook.com\/people\/La-Cale-Sauvage\/61559091470458\/","article_modified_time":"2025-11-27T13:57:24+00:00","og_image":[{"width":792,"height":781,"url":"https:\/\/www.la-cale-sauvage.com\/wp-content\/uploads\/2024\/11\/camping-la-cale-sauvage.jpg","type":"image\/jpeg"}],"twitter_card":"summary_large_image","twitter_misc":{"Estimated reading time":"22 minutes"},"schema":{"@context":"https:\/\/schema.org","@graph":[{"@type":"WebPage","@id":"https:\/\/www.la-cale-sauvage.com\/conditions-generales-de-vente\/","url":"https:\/\/www.la-cale-sauvage.com\/conditions-generales-de-vente\/","name":"Conditions g\u00e9n\u00e9rales de vente - La Cale Sauvage","isPartOf":{"@id":"https:\/\/www.la-cale-sauvage.com\/#website"},"datePublished":"2024-12-02T09:51:29+00:00","dateModified":"2025-11-27T13:57:24+00:00","breadcrumb":{"@id":"https:\/\/www.la-cale-sauvage.com\/conditions-generales-de-vente\/#breadcrumb"},"inLanguage":"en-GB","potentialAction":[{"@type":"ReadAction","target":["https:\/\/www.la-cale-sauvage.com\/conditions-generales-de-vente\/"]}]},{"@type":"BreadcrumbList","@id":"https:\/\/www.la-cale-sauvage.com\/conditions-generales-de-vente\/#breadcrumb","itemListElement":[{"@type":"ListItem","position":1,"name":"Accueil","item":"https:\/\/www.la-cale-sauvage.com\/"},{"@type":"ListItem","position":2,"name":"Conditions g\u00e9n\u00e9rales de vente"}]},{"@type":"WebSite","@id":"https:\/\/www.la-cale-sauvage.com\/#website","url":"https:\/\/www.la-cale-sauvage.com\/","name":"La Cale Sauvage","description":"Guinguette &amp; camping \u00e0 Frossay","publisher":{"@id":"https:\/\/www.la-cale-sauvage.com\/#organization"},"potentialAction":[{"@type":"SearchAction","target":{"@type":"EntryPoint","urlTemplate":"https:\/\/www.la-cale-sauvage.com\/?s={search_term_string}"},"query-input":{"@type":"PropertyValueSpecification","valueRequired":true,"valueName":"search_term_string"}}],"inLanguage":"en-GB"},{"@type":"Organization","@id":"https:\/\/www.la-cale-sauvage.com\/#organization","name":"La Cale Sauvage - Camping guinguette","url":"https:\/\/www.la-cale-sauvage.com\/","logo":{"@type":"ImageObject","inLanguage":"en-GB","@id":"https:\/\/www.la-cale-sauvage.com\/#\/schema\/logo\/image\/","url":"https:\/\/www.la-cale-sauvage.com\/wp-content\/uploads\/2024\/04\/cropped-Logo-noir.png","contentUrl":"https:\/\/www.la-cale-sauvage.com\/wp-content\/uploads\/2024\/04\/cropped-Logo-noir.png","width":2653,"height":2050,"caption":"La Cale Sauvage - Camping guinguette"},"image":{"@id":"https:\/\/www.la-cale-sauvage.com\/#\/schema\/logo\/image\/"},"sameAs":["https:\/\/www.facebook.com\/people\/La-Cale-Sauvage\/61559091470458\/"]}]}},"_links":{"self":[{"href":"https:\/\/www.la-cale-sauvage.com\/en\/wp-json\/wp\/v2\/pages\/27868","targetHints":{"allow":["GET"]}}],"collection":[{"href":"https:\/\/www.la-cale-sauvage.com\/en\/wp-json\/wp\/v2\/pages"}],"about":[{"href":"https:\/\/www.la-cale-sauvage.com\/en\/wp-json\/wp\/v2\/types\/page"}],"author":[{"embeddable":true,"href":"https:\/\/www.la-cale-sauvage.com\/en\/wp-json\/wp\/v2\/users\/1"}],"replies":[{"embeddable":true,"href":"https:\/\/www.la-cale-sauvage.com\/en\/wp-json\/wp\/v2\/comments?post=27868"}],"version-history":[{"count":50,"href":"https:\/\/www.la-cale-sauvage.com\/en\/wp-json\/wp\/v2\/pages\/27868\/revisions"}],"predecessor-version":[{"id":790488,"href":"https:\/\/www.la-cale-sauvage.com\/en\/wp-json\/wp\/v2\/pages\/27868\/revisions\/790488"}],"wp:attachment":[{"href":"https:\/\/www.la-cale-sauvage.com\/en\/wp-json\/wp\/v2\/media?parent=27868"}],"curies":[{"name":"wp","href":"https:\/\/api.w.org\/{rel}","templated":true}]}}