{"id":284434,"date":"2025-05-20T19:06:13","date_gmt":"2025-05-20T17:06:13","guid":{"rendered":"https:\/\/www.la-cale-sauvage.com\/?page_id=284434"},"modified":"2026-04-12T11:00:12","modified_gmt":"2026-04-12T09:00:12","slug":"mobilhomes-classiques-4-personnes","status":"publish","type":"page","link":"https:\/\/www.la-cale-sauvage.com\/en\/mobilhomes-classiques-4-personnes\/","title":{"rendered":"Mobilhomes classiques &#8211; 4 personnes"},"content":{"rendered":"<p>[et_pb_section fb_built=\u00a0\u00bb1&Prime; admin_label=\u00a0\u00bbService\u00a0\u00bb _builder_version=\u00a0\u00bb4.27.3&Prime; _module_preset=\u00a0\u00bbdefault\u00a0\u00bb use_background_color_gradient=\u00a0\u00bbon\u00a0\u00bb background_color_gradient_stops=\u00a0\u00bbrgba(41,59,69,0.7) 0%|#293b45 99%\u00a0\u00bb background_color_gradient_overlays_image=\u00a0\u00bbon\u00a0\u00bb background_image=\u00a0\u00bbhttps:\/\/www.la-cale-sauvage.com\/wp-content\/uploads\/2024\/11\/pexels-elias-tigiser-411757-1090745-scaled.jpg\u00a0\u00bb custom_padding=\u00a0\u00bb8vh||8vh||true|false\u00a0\u00bb collapsed=\u00a0\u00bbon\u00a0\u00bb global_colors_info=\u00a0\u00bb{}\u00a0\u00bb][et_pb_row _builder_version=\u00a0\u00bb4.20.0&Prime; _module_preset=\u00a0\u00bbdefault\u00a0\u00bb global_colors_info=\u00a0\u00bb{}\u00a0\u00bb][et_pb_column type=\u00a0\u00bb4_4&Prime; _builder_version=\u00a0\u00bb4.20.0&Prime; _module_preset=\u00a0\u00bbdefault\u00a0\u00bb global_colors_info=\u00a0\u00bb{}\u00a0\u00bb][et_pb_text _builder_version=\u00a0\u00bb4.27.3&Prime; _module_preset=\u00a0\u00bb_initial\u00a0\u00bb header_4_font=\u00a0\u00bbInter|700||on|||||\u00a0\u00bb header_4_text_color=\u00a0\u00bbgcid-7a02f245-10cf-4ba2-ac73-385345b5f54a\u00a0\u00bb header_4_font_size=\u00a0\u00bb14px\u00a0\u00bb header_4_letter_spacing=\u00a0\u00bb1px\u00a0\u00bb text_orientation=\u00a0\u00bbcenter\u00a0\u00bb custom_margin=\u00a0\u00bb||10px||false|false\u00a0\u00bb global_colors_info=\u00a0\u00bb{%22gcid-7a02f245-10cf-4ba2-ac73-385345b5f54a%22:%91%22header_4_text_color%22%93}\u00a0\u00bb]<\/p>\n<h4>The campsite<\/h4>\n<p>[\/et_pb_text][et_pb_text _builder_version=\u00a0\u00bb4.27.4&Prime; _module_preset=\u00a0\u00bb_initial\u00a0\u00bb header_text_color=\u00a0\u00bbgcid-3d77f18a-71d5-4051-b3de-cc8639fa0c6d\u00a0\u00bb header_font_size=\u00a0\u00bb62px\u00a0\u00bb header_2_font=\u00a0\u00bb&#8211;et_global_heading_font||||||||\u00a0\u00bb header_2_text_color=\u00a0\u00bbgcid-3d77f18a-71d5-4051-b3de-cc8639fa0c6d\u00a0\u00bb header_2_font_size=\u00a0\u00bb62px\u00a0\u00bb text_orientation=\u00a0\u00bbcenter\u00a0\u00bb custom_margin=\u00a0\u00bb||10px||false|false\u00a0\u00bb header_font_size_tablet=\u00a0\u00bb50px\u00a0\u00bb header_font_size_phone=\u00a0\u00bb40px\u00a0\u00bb header_font_size_last_edited=\u00a0\u00bbon|phone\u00a0\u00bb global_colors_info=\u00a0\u00bb{%22gcid-d7cd5a78-aaef-4f36-82a3-4d3706015cba%22:%91%22link_text_color%22,%22link_text_color%22%93,%22gcid-primary-color%22:%91%22quote_text_color%22,%22quote_text_color%22%93,%22gcid-3d77f18a-71d5-4051-b3de-cc8639fa0c6d%22:%91%22header_2_text_color%22,%22header_text_color%22%93}\u00a0\u00bb]<\/p>\n<h1>Nos mobilhomes 4 pers.<\/h1>\n<p>[\/et_pb_text][\/et_pb_column][\/et_pb_row][\/et_pb_section][et_pb_section fb_built=\u00a0\u00bb1&Prime; _builder_version=\u00a0\u00bb4.27.3&Prime; _module_preset=\u00a0\u00bbdefault\u00a0\u00bb background_enable_color=\u00a0\u00bboff\u00a0\u00bb global_colors_info=\u00a0\u00bb{}\u00a0\u00bb][et_pb_row _builder_version=\u00a0\u00bb4.27.4&Prime; _module_preset=\u00a0\u00bbdefault\u00a0\u00bb width=\u00a0\u00bb100%\u00a0\u00bb width_tablet=\u00a0\u00bb100%\u00a0\u00bb width_phone=\u00a0\u00bb100%\u00a0\u00bb width_last_edited=\u00a0\u00bbon|phone\u00a0\u00bb global_colors_info=\u00a0\u00bb{}\u00a0\u00bb][et_pb_column type=\u00a0\u00bb4_4&Prime; _builder_version=\u00a0\u00bb4.27.3&Prime; _module_preset=\u00a0\u00bbdefault\u00a0\u00bb global_colors_info=\u00a0\u00bb{}\u00a0\u00bb][et_pb_text _builder_version=\u00a0\u00bb4.27.3&Prime; _module_preset=\u00a0\u00bbdefault\u00a0\u00bb header_2_text_color=\u00a0\u00bb#324448&Prime; header_2_font_size=\u00a0\u00bb41px\u00a0\u00bb header_3_text_color=\u00a0\u00bbgcid-3bc72686-c670-42df-97d3-472fba86e5e6&Prime; custom_margin=\u00a0\u00bb||2px|||\u00a0\u00bb global_colors_info=\u00a0\u00bb{%22gcid-1f1b4e15-7cc6-4e13-8154-74d77a956460%22:%91%22quote_text_color%22,%22quote_text_color%22,%22quote_text_color%22,%22quote_text_color%22,%22quote_text_color%22,%22quote_text_color%22%93,%22gcid-d7cd5a78-aaef-4f36-82a3-4d3706015cba%22:%91%22link_text_color%22,%22quote_text_color%22,%22link_text_color%22,%22quote_text_color%22,%22link_text_color%22,%22quote_text_color%22,%22link_text_color%22,%22quote_text_color%22,%22link_text_color%22,%22quote_text_color%22,%22link_text_color%22,%22quote_text_color%22%93,%22gcid-primary-color%22:%91%22quote_text_color%22,%22quote_text_color%22,%22quote_text_color%22,%22quote_text_color%22,%22quote_text_color%22%93,%22gcid-3bc72686-c670-42df-97d3-472fba86e5e6%22:%91%22header_3_text_color%22%93}\u00a0\u00bb]<\/p>\n<h3 style=\"text-align: center;\">Book your stay now:<\/h3>\n<p>[\/et_pb_text][et_pb_code _builder_version=\u00a0\u00bb4.27.4&Prime; _module_preset=\u00a0\u00bbdefault\u00a0\u00bb global_colors_info=\u00a0\u00bb{}\u00a0\u00bb]<html lang=\"fr-FR\"><!-- [et_pb_line_break_holder] --><head><!-- [et_pb_line_break_holder] -->    <meta name=\"viewport\" content=\"width=device-width, initial-scale=1.0\"><!-- [et_pb_line_break_holder] -->    <!-- [et_pb_line_break_holder] --><\/head><!-- [et_pb_line_break_holder] --><body style=\"background-color: #000;\"><!-- [et_pb_line_break_holder] --><!-- [et_pb_line_break_holder] -->    <\/p>\n<div id=\"hippocamp-search-widget-container\"<!--no numeric noise key 1006-->         data-user-id=\u00a0\u00bb609&Prime;<!-- [et_pb_line_break_holder] -->         data-language=\u00a0\u00bbauto\u00a0\u00bb<!-- [et_pb_line_break_holder] -->    ><\/div>\n<p><!-- [et_pb_line_break_holder] -->    <script src=\"https:\/\/hippo-camp.fr\/media\/com_campingmanager\/widgets\/search.min.js\" type=\"text\/javascript\"><\/script><!-- [et_pb_line_break_holder] --><\/body><!-- [et_pb_line_break_holder] --><\/html><!-- [et_pb_line_break_holder] -->[\/et_pb_code][et_pb_text _builder_version=\u00a0\u00bb4.27.4&Prime; _module_preset=\u00a0\u00bb_initial\u00a0\u00bb text_font=\u00a0\u00bbMontserrat||||||||\u00a0\u00bb text_orientation=\u00a0\u00bbcenter\u00a0\u00bb module_alignment=\u00a0\u00bbcenter\u00a0\u00bb text_font_size_tablet=\u00a0\u00bb15px\u00a0\u00bb text_font_size_phone=\u00a0\u00bb16px\u00a0\u00bb text_font_size_last_edited=\u00a0\u00bbon|desktop\u00a0\u00bb global_colors_info=\u00a0\u00bb{}\u00a0\u00bb]<\/p>\n<p style=\"text-align: left;\">For any reservation, we require a 30% deposit and then the balance 30 days before the start of the stay. Know that you can choose to subscribe to <a href=\"https:\/\/www.la-cale-sauvage.com\/en\/assurance-annulation-meetch\/\">a cancellation insurance.<\/a><\/p>\n<p>\u00c0 votre arriv\u00e9e, une caution vous sera demand\u00e9e \u00e0 la r\u00e9ception.<\/p>\n<p style=\"text-align: left;\">Do not hesitate to write to us if you need any information: <a href=\"mailto:camping@la-cale-sauvage.com\">camping@la-cale-sauvage.com.<\/a><\/p>\n<p style=\"text-align: left;\">[\/et_pb_text][\/et_pb_column][\/et_pb_row][\/et_pb_section][et_pb_section fb_built=\u00a0\u00bb1&Prime; _builder_version=\u00a0\u00bb4.27.4&Prime; _module_preset=\u00a0\u00bbdefault\u00a0\u00bb background_enable_color=\u00a0\u00bboff\u00a0\u00bb global_colors_info=\u00a0\u00bb{%22gcid-1cd7305f-fd20-421c-b36d-bb3da4e244c4%22:%91%22background_color%22%93}\u00a0\u00bb][et_pb_row column_structure=\u00a0\u00bb1_2,1_2&Prime; _builder_version=\u00a0\u00bb4.27.3&Prime; _module_preset=\u00a0\u00bbdefault\u00a0\u00bb global_colors_info=\u00a0\u00bb{}\u00a0\u00bb][et_pb_column type=\u00a0\u00bb1_2&Prime; _builder_version=\u00a0\u00bb4.27.3&Prime; _module_preset=\u00a0\u00bbdefault\u00a0\u00bb global_colors_info=\u00a0\u00bb{}\u00a0\u00bb][et_pb_gallery gallery_ids=\u00a0\u00bb790929,790930,284404,25317,25316,25319,25321,790931&Prime; fullwidth=\u00a0\u00bbon\u00a0\u00bb _builder_version=\u00a0\u00bb4.27.6&Prime; _module_preset=\u00a0\u00bbdefault\u00a0\u00bb width=\u00a0\u00bb100%\u00a0\u00bb hover_enabled=\u00a0\u00bb0&Prime; global_colors_info=\u00a0\u00bb{}\u00a0\u00bb sticky_enabled=\u00a0\u00bb0&Prime;][\/et_pb_gallery][et_pb_text _builder_version=\u00a0\u00bb4.27.3&Prime; _module_preset=\u00a0\u00bbdefault\u00a0\u00bb global_colors_info=\u00a0\u00bb{}\u00a0\u00bb]<\/p>\n<p><em>Click on the photo to scroll through the slideshow.<\/em><\/p>\n<p>[\/et_pb_text][et_pb_button button_url=\u00a0\u00bbhttps:\/\/www.la-cale-sauvage.com\/inventaire-mobilhome-4-personnes-volets-marrons\/\u00a0\u00bb url_new_window=\u00a0\u00bbon\u00a0\u00bb button_text=\u00a0\u00bbVoir l&rsquo;inventaire\u00a0\u00bb _builder_version=\u00a0\u00bb4.27.4&Prime; _module_preset=\u00a0\u00bbdefault\u00a0\u00bb button_text_color=\u00a0\u00bbgcid-026ff79c-cfbd-4464-8301-81adff325a85&Prime; button_bg_color=\u00a0\u00bbgcid-secondary-color\u00a0\u00bb global_colors_info=\u00a0\u00bb{%22gcid-026ff79c-cfbd-4464-8301-81adff325a85%22:%91%22button_text_color%22%93,%22gcid-secondary-color%22:%91%22button_bg_color%22%93}\u00a0\u00bb][\/et_pb_button][\/et_pb_column][et_pb_column type=\u00a0\u00bb1_2&Prime; _builder_version=\u00a0\u00bb4.27.3&Prime; _module_preset=\u00a0\u00bbdefault\u00a0\u00bb global_colors_info=\u00a0\u00bb{}\u00a0\u00bb][et_pb_text _builder_version=\u00a0\u00bb4.27.4&Prime; _module_preset=\u00a0\u00bbdefault\u00a0\u00bb header_3_text_color=\u00a0\u00bbgcid-3bc72686-c670-42df-97d3-472fba86e5e6&Prime; custom_margin=\u00a0\u00bb||0px|||\u00a0\u00bb header_3_font_size_tablet=\u00a0\u00bb33px\u00a0\u00bb header_3_font_size_phone=\u00a0\u00bb30px\u00a0\u00bb header_3_font_size_last_edited=\u00a0\u00bbon|tablet\u00a0\u00bb global_colors_info=\u00a0\u00bb{%22gcid-1f1b4e15-7cc6-4e13-8154-74d77a956460%22:%91%22quote_text_color%22,%22quote_text_color%22,%22quote_text_color%22,%22quote_text_color%22,%22quote_text_color%22,%22quote_text_color%22,%22quote_text_color%22,%22quote_text_color%22,%22quote_text_color%22,%22quote_text_color%22,%22quote_text_color%22,%22quote_text_color%22,%22quote_text_color%22,%22quote_text_color%22,%22quote_text_color%22,%22quote_text_color%22,%22quote_text_color%22,%22quote_text_color%22%93,%22gcid-d7cd5a78-aaef-4f36-82a3-4d3706015cba%22:%91%22link_text_color%22,%22quote_text_color%22,%22link_text_color%22,%22quote_text_color%22,%22link_text_color%22,%22quote_text_color%22,%22link_text_color%22,%22quote_text_color%22,%22link_text_color%22,%22quote_text_color%22,%22link_text_color%22,%22quote_text_color%22,%22link_text_color%22,%22quote_text_color%22,%22link_text_color%22,%22quote_text_color%22,%22link_text_color%22,%22quote_text_color%22,%22link_text_color%22,%22quote_text_color%22,%22link_text_color%22,%22quote_text_color%22,%22link_text_color%22,%22quote_text_color%22,%22link_text_color%22,%22quote_text_color%22,%22link_text_color%22,%22quote_text_color%22,%22link_text_color%22,%22quote_text_color%22,%22link_text_color%22,%22quote_text_color%22,%22link_text_color%22,%22quote_text_color%22,%22link_text_color%22,%22quote_text_color%22%93,%22gcid-primary-color%22:%91%22quote_text_color%22,%22quote_text_color%22,%22quote_text_color%22,%22quote_text_color%22,%22quote_text_color%22,%22quote_text_color%22,%22quote_text_color%22,%22quote_text_color%22,%22quote_text_color%22,%22quote_text_color%22,%22quote_text_color%22,%22quote_text_color%22,%22quote_text_color%22,%22quote_text_color%22,%22quote_text_color%22%93,%22gcid-3bc72686-c670-42df-97d3-472fba86e5e6%22:%91%22header_3_text_color%22,%22header_3_text_color%22,%22header_3_text_color%22%93}\u00a0\u00bb]<\/p>\n<h3 style=\"text-align: left;\">Mobilhome\u00a0 &#8211; 4 pers.<\/h3>\n<p>[\/et_pb_text][et_pb_text _builder_version=\u00a0\u00bb4.27.4&Prime; _module_preset=\u00a0\u00bbdefault\u00a0\u00bb custom_margin=\u00a0\u00bb||11px|||\u00a0\u00bb global_colors_info=\u00a0\u00bb{}\u00a0\u00bb]<\/p>\n<p><em>Emplacement 105<\/em><\/p>\n<p>[\/et_pb_text][et_pb_text _builder_version=\u00a0\u00bb4.27.3&Prime; _module_preset=\u00a0\u00bbdefault\u00a0\u00bb global_colors_info=\u00a0\u00bb{}\u00a0\u00bb]<\/p>\n<p><span class=\"qodef-e-capacity\"><b>4 personnes |\u00a0 2 chambres | 34 <\/b><\/span><span class=\"qodef-e-accommodation-size\"><b>m2<\/b><\/span><o:p><\/o:p><\/p>\n<p>[\/et_pb_text][et_pb_text _builder_version=\u00a0\u00bb4.27.3&Prime; _module_preset=\u00a0\u00bb_initial\u00a0\u00bb text_font=\u00a0\u00bbMontserrat||||||||\u00a0\u00bb text_line_height=\u00a0\u00bb1.9em\u00a0\u00bb custom_margin=\u00a0\u00bb16px|||||\u00a0\u00bb text_font_size_tablet=\u00a0\u00bb17px\u00a0\u00bb text_font_size_phone=\u00a0\u00bb17px\u00a0\u00bb text_font_size_last_edited=\u00a0\u00bbon|phone\u00a0\u00bb global_colors_info=\u00a0\u00bb{}\u00a0\u00bb]<\/p>\n<ul>\n<li>4 beds (1 bed of 140\/<em>190cm; 2 beds of 80<\/em>\/190cm)<\/li>\n<li>Bathroom with shower and sink<\/li>\n<li>Pillows, duvets and blankets provided<\/li>\n<\/ul>\n<ul>\n<li>A central living room composed of a large bench seat opening onto the dining area fitted with a dining table and 4 chairs<\/li>\n<\/ul>\n<ul>\n<li>A kitchen equipped with 4 gas rings, refrigerator, microwave, filter coffee maker, kettle and crockery kit<\/li>\n<li>Separate WC<\/li>\n<li>1 terrace with garden furniture<\/li>\n<\/ul>\n<p>[\/et_pb_text][et_pb_blurb title=\u00a0\u00bb\u00c0 savoir\u00a0\u00bb use_icon=\u00a0\u00bbon\u00a0\u00bb icon_color=\u00a0\u00bbgcid-4b73e4d9-a130-475b-a212-4e71bec4d095&Prime; icon_placement=\u00a0\u00bbtop\u00a0\u00bb _builder_version=\u00a0\u00bb4.27.4&Prime; _module_preset=\u00a0\u00bbdefault\u00a0\u00bb header_text_color=\u00a0\u00bbgcid-4b73e4d9-a130-475b-a212-4e71bec4d095&Prime; header_font_size=\u00a0\u00bb21px\u00a0\u00bb body_text_color=\u00a0\u00bbgcid-secondary-color\u00a0\u00bb body_font_size=\u00a0\u00bb17px\u00a0\u00bb body_line_height=\u00a0\u00bb1.5em\u00a0\u00bb background_color=\u00a0\u00bbgcid-1cd7305f-fd20-421c-b36d-bb3da4e244c4&Prime; custom_padding=\u00a0\u00bb3%|3%|3%|3%|true|true\u00a0\u00bb global_colors_info=\u00a0\u00bb{%22gcid-primary-color%22:%91%22body_quote_text_color%22,%22body_quote_text_color%22,%22body_quote_text_color%22,%22body_quote_text_color%22,%22body_quote_text_color%22,%22body_quote_text_color%22,%22body_quote_text_color%22,%22body_quote_text_color%22,%22body_quote_text_color%22,%22body_quote_text_color%22,%22body_quote_text_color%22,%22body_quote_text_color%22,%22body_quote_text_color%22,%22body_quote_text_color%22,%22body_quote_text_color%22,%22body_quote_text_color%22,%22body_quote_text_color%22,%22body_quote_text_color%22,%22body_quote_text_color%22,%22body_quote_text_color%22,%22body_quote_text_color%22,%22body_quote_text_color%22,%22body_quote_text_color%22,%22body_quote_text_color%22,%22body_quote_text_color%22,%22body_quote_text_color%22%93,%22gcid-1f1b4e15-7cc6-4e13-8154-74d77a956460%22:%91%22link_text_color%22,%22quote_text_color%22,%22quote_border_color%22,%22link_text_color%22,%22quote_text_color%22,%22quote_border_color%22,%22link_text_color%22,%22quote_text_color%22,%22quote_border_color%22,%22link_text_color%22,%22quote_text_color%22,%22quote_border_color%22,%22link_text_color%22,%22quote_text_color%22,%22quote_border_color%22,%22link_text_color%22,%22quote_text_color%22,%22quote_border_color%22%93,%22gcid-d7cd5a78-aaef-4f36-82a3-4d3706015cba%22:%91%22link_text_color%22,%22link_text_color%22,%22link_text_color%22,%22link_text_color%22,%22link_text_color%22,%22link_text_color%22%93,%22gcid-4b73e4d9-a130-475b-a212-4e71bec4d095%22:%91%22icon_color%22,%22header_text_color%22%93,%22gcid-secondary-color%22:%91%22body_text_color%22%93,%22gcid-1cd7305f-fd20-421c-b36d-bb3da4e244c4%22:%91%22background_color%22%93}\u00a0\u00bb]<\/p>\n<p><span style=\"color: #ff6600;\">\u00a0&gt;<\/span> <strong>Pr\u00e9voir votre linge de lit<\/strong><br \/>ou possibilit\u00e9 <strong>de louer en option les kits de draps:<br \/><\/strong>&#8211; 6 euros le kit de draps simples<br \/>&#8211; 12 euros le kit de draps doubles<\/p>\n<p><span style=\"color: #ff6600;\">&gt;<\/span> <strong>D\u00e9part jusqu&rsquo;\u00e0 10h<\/strong><br \/>&#8211; <em>si d\u00e9part tardif jusqu&rsquo;\u00e0 10h45<\/em> : 15 euros<br \/>&#8211; <em>si d\u00e9part tardif jusqu&rsquo;\u00e0 11h30<\/em>: 30 euros<\/p>\n<p><span style=\"color: #ff6600;\">&gt;<\/span> <strong>Animals are not allowed<\/strong><\/p>\n<p><span style=\"color: #ff6600;\">&gt;<\/span> <strong>Le mobilhome est non-fumeur<\/strong><\/p>\n<p>[\/et_pb_blurb][\/et_pb_column][\/et_pb_row][et_pb_row column_structure=\u00a0\u00bb1_2,1_2&Prime; _builder_version=\u00a0\u00bb4.27.3&Prime; _module_preset=\u00a0\u00bbdefault\u00a0\u00bb global_colors_info=\u00a0\u00bb{}\u00a0\u00bb][et_pb_column type=\u00a0\u00bb1_2&Prime; _builder_version=\u00a0\u00bb4.27.3&Prime; _module_preset=\u00a0\u00bbdefault\u00a0\u00bb global_colors_info=\u00a0\u00bb{}\u00a0\u00bb][et_pb_gallery gallery_ids=\u00a0\u00bb790934,284411,284413,284410,284415,284416,284414,790931&Prime; fullwidth=\u00a0\u00bbon\u00a0\u00bb _builder_version=\u00a0\u00bb4.27.6&Prime; _module_preset=\u00a0\u00bbdefault\u00a0\u00bb width=\u00a0\u00bb100%\u00a0\u00bb hover_enabled=\u00a0\u00bb0&Prime; global_colors_info=\u00a0\u00bb{}\u00a0\u00bb sticky_enabled=\u00a0\u00bb0&Prime;][\/et_pb_gallery][et_pb_text _builder_version=\u00a0\u00bb4.27.3&Prime; _module_preset=\u00a0\u00bbdefault\u00a0\u00bb global_colors_info=\u00a0\u00bb{}\u00a0\u00bb]<\/p>\n<p><em>Click on the photo to scroll through the slideshow.<\/em><\/p>\n<p>[\/et_pb_text][et_pb_button button_url=\u00a0\u00bbhttps:\/\/www.la-cale-sauvage.com\/inventaire-mobilhome-4-personnes\/\u00a0\u00bb button_text=\u00a0\u00bbVoir l&rsquo;inventaire\u00a0\u00bb _builder_version=\u00a0\u00bb4.27.4&Prime; _module_preset=\u00a0\u00bbdefault\u00a0\u00bb button_text_color=\u00a0\u00bbgcid-026ff79c-cfbd-4464-8301-81adff325a85&Prime; button_bg_color=\u00a0\u00bbgcid-secondary-color\u00a0\u00bb global_colors_info=\u00a0\u00bb{%22gcid-026ff79c-cfbd-4464-8301-81adff325a85%22:%91%22button_text_color%22%93,%22gcid-secondary-color%22:%91%22button_bg_color%22%93}\u00a0\u00bb][\/et_pb_button][\/et_pb_column][et_pb_column type=\u00a0\u00bb1_2&Prime; _builder_version=\u00a0\u00bb4.27.3&Prime; _module_preset=\u00a0\u00bbdefault\u00a0\u00bb global_colors_info=\u00a0\u00bb{}\u00a0\u00bb][et_pb_text _builder_version=\u00a0\u00bb4.27.4&Prime; _module_preset=\u00a0\u00bbdefault\u00a0\u00bb header_3_text_color=\u00a0\u00bbgcid-3bc72686-c670-42df-97d3-472fba86e5e6&Prime; custom_margin=\u00a0\u00bb||9px|||\u00a0\u00bb header_3_font_size_tablet=\u00a0\u00bb33px\u00a0\u00bb header_3_font_size_phone=\u00a0\u00bb30px\u00a0\u00bb header_3_font_size_last_edited=\u00a0\u00bbon|tablet\u00a0\u00bb global_colors_info=\u00a0\u00bb{%22gcid-1f1b4e15-7cc6-4e13-8154-74d77a956460%22:%91%22quote_text_color%22,%22quote_text_color%22,%22quote_text_color%22,%22quote_text_color%22,%22quote_text_color%22,%22quote_text_color%22,%22quote_text_color%22,%22quote_text_color%22,%22quote_text_color%22,%22quote_text_color%22,%22quote_text_color%22,%22quote_text_color%22,%22quote_text_color%22,%22quote_text_color%22,%22quote_text_color%22,%22quote_text_color%22,%22quote_text_color%22,%22quote_text_color%22%93,%22gcid-d7cd5a78-aaef-4f36-82a3-4d3706015cba%22:%91%22link_text_color%22,%22quote_text_color%22,%22link_text_color%22,%22quote_text_color%22,%22link_text_color%22,%22quote_text_color%22,%22link_text_color%22,%22quote_text_color%22,%22link_text_color%22,%22quote_text_color%22,%22link_text_color%22,%22quote_text_color%22,%22link_text_color%22,%22quote_text_color%22,%22link_text_color%22,%22quote_text_color%22,%22link_text_color%22,%22quote_text_color%22,%22link_text_color%22,%22quote_text_color%22,%22link_text_color%22,%22quote_text_color%22,%22link_text_color%22,%22quote_text_color%22,%22link_text_color%22,%22quote_text_color%22,%22link_text_color%22,%22quote_text_color%22,%22link_text_color%22,%22quote_text_color%22,%22link_text_color%22,%22quote_text_color%22,%22link_text_color%22,%22quote_text_color%22,%22link_text_color%22,%22quote_text_color%22%93,%22gcid-primary-color%22:%91%22quote_text_color%22,%22quote_text_color%22,%22quote_text_color%22,%22quote_text_color%22,%22quote_text_color%22,%22quote_text_color%22,%22quote_text_color%22,%22quote_text_color%22,%22quote_text_color%22,%22quote_text_color%22,%22quote_text_color%22,%22quote_text_color%22,%22quote_text_color%22,%22quote_text_color%22,%22quote_text_color%22%93,%22gcid-3bc72686-c670-42df-97d3-472fba86e5e6%22:%91%22header_3_text_color%22,%22header_3_text_color%22,%22header_3_text_color%22%93}\u00a0\u00bb]<\/p>\n<h3 style=\"text-align: left;\">Mobilhome &#8211; 4 pers.<\/h3>\n<p>[\/et_pb_text][et_pb_text _builder_version=\u00a0\u00bb4.27.4&Prime; _module_preset=\u00a0\u00bbdefault\u00a0\u00bb custom_margin=\u00a0\u00bb||11px|||\u00a0\u00bb global_colors_info=\u00a0\u00bb{}\u00a0\u00bb]<\/p>\n<p><em>Emplacement 104<\/em><\/p>\n<p>[\/et_pb_text][et_pb_text _builder_version=\u00a0\u00bb4.27.3&Prime; _module_preset=\u00a0\u00bbdefault\u00a0\u00bb global_colors_info=\u00a0\u00bb{}\u00a0\u00bb]<\/p>\n<p><span class=\"qodef-e-capacity\"><b>4 people |\u00a0 2 bedrooms | 31 <\/b><\/span><span class=\"qodef-e-accommodation-size\"><b>m2<\/b><\/span><o:p><\/o:p><\/p>\n<p>[\/et_pb_text][et_pb_text _builder_version=\u00a0\u00bb4.27.3&Prime; _module_preset=\u00a0\u00bb_initial\u00a0\u00bb text_font=\u00a0\u00bbMontserrat||||||||\u00a0\u00bb text_line_height=\u00a0\u00bb1.9em\u00a0\u00bb custom_margin=\u00a0\u00bb16px|||||\u00a0\u00bb text_font_size_tablet=\u00a0\u00bb17px\u00a0\u00bb text_font_size_phone=\u00a0\u00bb17px\u00a0\u00bb text_font_size_last_edited=\u00a0\u00bbon|phone\u00a0\u00bb global_colors_info=\u00a0\u00bb{}\u00a0\u00bb]<\/p>\n<ul>\n<li>4 beds (1 bed of 140\/<em>190cm; 2 beds of 80<\/em>\/190cm)<\/li>\n<li>Bathroom with shower and sink<\/li>\n<li>Pillows, duvets and blankets provided<\/li>\n<\/ul>\n<ul>\n<li>A central living room composed of a large bench seat opening onto the dining area fitted with a dining table and 4 chairs<\/li>\n<\/ul>\n<ul>\n<li>A kitchen equipped with 4 gas rings, refrigerator, microwave, filter coffee maker, kettle and crockery kit<\/li>\n<li>Separate WC<\/li>\n<li>1 terrace with garden furniture<\/li>\n<\/ul>\n<p>[\/et_pb_text][et_pb_blurb title=\u00a0\u00bb\u00c0 savoir\u00a0\u00bb use_icon=\u00a0\u00bbon\u00a0\u00bb icon_color=\u00a0\u00bbgcid-4b73e4d9-a130-475b-a212-4e71bec4d095&Prime; icon_placement=\u00a0\u00bbtop\u00a0\u00bb _builder_version=\u00a0\u00bb4.27.4&Prime; _module_preset=\u00a0\u00bbdefault\u00a0\u00bb header_text_color=\u00a0\u00bbgcid-4b73e4d9-a130-475b-a212-4e71bec4d095&Prime; header_font_size=\u00a0\u00bb21px\u00a0\u00bb body_text_color=\u00a0\u00bbgcid-secondary-color\u00a0\u00bb body_font_size=\u00a0\u00bb17px\u00a0\u00bb body_line_height=\u00a0\u00bb1.5em\u00a0\u00bb background_color=\u00a0\u00bbgcid-1cd7305f-fd20-421c-b36d-bb3da4e244c4&Prime; custom_padding=\u00a0\u00bb3%|3%|3%|3%|true|true\u00a0\u00bb global_colors_info=\u00a0\u00bb{%22gcid-primary-color%22:%91%22body_quote_text_color%22,%22body_quote_text_color%22,%22body_quote_text_color%22,%22body_quote_text_color%22,%22body_quote_text_color%22,%22body_quote_text_color%22,%22body_quote_text_color%22,%22body_quote_text_color%22,%22body_quote_text_color%22,%22body_quote_text_color%22,%22body_quote_text_color%22,%22body_quote_text_color%22,%22body_quote_text_color%22,%22body_quote_text_color%22,%22body_quote_text_color%22,%22body_quote_text_color%22,%22body_quote_text_color%22,%22body_quote_text_color%22,%22body_quote_text_color%22,%22body_quote_text_color%22,%22body_quote_text_color%22,%22body_quote_text_color%22,%22body_quote_text_color%22,%22body_quote_text_color%22,%22body_quote_text_color%22,%22body_quote_text_color%22%93,%22gcid-1f1b4e15-7cc6-4e13-8154-74d77a956460%22:%91%22link_text_color%22,%22quote_text_color%22,%22quote_border_color%22,%22link_text_color%22,%22quote_text_color%22,%22quote_border_color%22,%22link_text_color%22,%22quote_text_color%22,%22quote_border_color%22,%22link_text_color%22,%22quote_text_color%22,%22quote_border_color%22,%22link_text_color%22,%22quote_text_color%22,%22quote_border_color%22,%22link_text_color%22,%22quote_text_color%22,%22quote_border_color%22%93,%22gcid-d7cd5a78-aaef-4f36-82a3-4d3706015cba%22:%91%22link_text_color%22,%22link_text_color%22,%22link_text_color%22,%22link_text_color%22,%22link_text_color%22,%22link_text_color%22%93,%22gcid-4b73e4d9-a130-475b-a212-4e71bec4d095%22:%91%22icon_color%22,%22header_text_color%22%93,%22gcid-secondary-color%22:%91%22body_text_color%22%93,%22gcid-1cd7305f-fd20-421c-b36d-bb3da4e244c4%22:%91%22background_color%22%93}\u00a0\u00bb]<\/p>\n<p><span style=\"color: #ff6600;\">\u00a0&gt;<\/span> <strong>Pr\u00e9voir votre linge de lit<\/strong><br \/>ou possibilit\u00e9 <strong>de louer en option les kits de draps:<br \/><\/strong>&#8211; 6 euros le kit de draps simples<br \/>&#8211; 12 euros le kit de draps doubles<\/p>\n<p><span style=\"color: #ff6600;\">&gt;<\/span> <strong>D\u00e9part jusqu&rsquo;\u00e0 10h<\/strong><br \/>&#8211; <em>si d\u00e9part tardif jusqu&rsquo;\u00e0 10h45<\/em> : 15 euros<br \/>&#8211; <em>si d\u00e9part tardif jusqu&rsquo;\u00e0 11h30<\/em>: 30 euros<\/p>\n<p><span style=\"color: #ff6600;\">&gt;<\/span> <strong>Animals are not allowed<\/strong><\/p>\n<p><span style=\"color: #ff6600;\">&gt;<\/span> <strong>Le mobilhome est non-fumeur<\/strong><\/p>\n<p>[\/et_pb_blurb][\/et_pb_column][\/et_pb_row][et_pb_row column_structure=\u00a0\u00bb1_3,1_3,1_3&Prime; _builder_version=\u00a0\u00bb4.27.3&Prime; _module_preset=\u00a0\u00bbdefault\u00a0\u00bb background_color=\u00a0\u00bbgcid-1cd7305f-fd20-421c-b36d-bb3da4e244c4&Prime; custom_margin=\u00a0\u00bb|auto|61px|auto||\u00a0\u00bb custom_padding=\u00a0\u00bb3%|3%|3%|3%|true|true\u00a0\u00bb global_colors_info=\u00a0\u00bb{%22gcid-1cd7305f-fd20-421c-b36d-bb3da4e244c4%22:%91%22background_color%22%93}\u00a0\u00bb][et_pb_column type=\u00a0\u00bb1_3&Prime; _builder_version=\u00a0\u00bb4.27.3&Prime; _module_preset=\u00a0\u00bbdefault\u00a0\u00bb global_colors_info=\u00a0\u00bb{}\u00a0\u00bb][ba_info_box main_figure=\u00a0\u00bbicon\u00a0\u00bb icon=\u00a0\u00bb&#x73;||divi||400&Prime; title=\u00a0\u00bbAnimaux non accept\u00e9s\u00a0\u00bb body_content=\u00a0\u00bb<\/p>\n<p>We are a small campsite and unfortunately <strong>We cannot accept animals in our accommodations.<\/strong>. Cependant, nous les authorisons au sein du camping si vous r\u00e9servez un emplacement.<\/p>\n<p>\u00a0\u00bb icon_color=\u00a0\u00bbgcid-secondary-color\u00a0\u00bb icon_padding=\u00a0\u00bb0px|0px|13px|0px|false|false\u00a0\u00bb btn_spacing_top=\u00a0\u00bb40px\u00a0\u00bb icon_padding_tablet=\u00a0\u00bb0px|0px|13px|0px|false|false\u00a0\u00bb icon_padding_phone=\u00a0\u00bb0px|0px|13px|0px|false|false\u00a0\u00bb icon_padding_last_edited=\u00a0\u00bbon|phone\u00a0\u00bb _builder_version=\u00a0\u00bb4.27.3&Prime; _module_preset=\u00a0\u00bbdefault\u00a0\u00bb title_text_color=\u00a0\u00bbgcid-secondary-color\u00a0\u00bb body_line_height=\u00a0\u00bb1.9em\u00a0\u00bb custom_button=\u00a0\u00bbon\u00a0\u00bb button_text_size=\u00a0\u00bb1rem\u00a0\u00bb button_text_color=\u00a0\u00bb#3979ff\u00a0\u00bb button_bg_color=\u00a0\u00bb#ffffff\u00a0\u00bb button_border_color=\u00a0\u00bb#3979ff\u00a0\u00bb button_border_radius=\u00a0\u00bb50px\u00a0\u00bb button_use_icon=\u00a0\u00bboff\u00a0\u00bb button_custom_padding=\u00a0\u00bb0.7rem|2rem|0.7rem|2rem|true|true\u00a0\u00bb width=\u00a0\u00bb100%\u00a0\u00bb width_tablet=\u00a0\u00bb63%\u00a0\u00bb width_phone=\u00a0\u00bb100%\u00a0\u00bb width_last_edited=\u00a0\u00bbon|phone\u00a0\u00bb body_font_size_tablet=\u00a0\u00bb\u00a0\u00bb body_font_size_phone=\u00a0\u00bb\u00a0\u00bb body_font_size_last_edited=\u00a0\u00bbon|phone\u00a0\u00bb border_radii_photo=\u00a0\u00bbon|3px|3px|3px|3px\u00a0\u00bb global_colors_info=\u00a0\u00bb{%22gcid-secondary-color%22:%91%22title_text_color%22,%22icon_color%22%93}\u00a0\u00bb][\/ba_info_box][\/et_pb_column][et_pb_column type=\u00a0\u00bb1_3&Prime; _builder_version=\u00a0\u00bb4.27.3&Prime; _module_preset=\u00a0\u00bbdefault\u00a0\u00bb global_colors_info=\u00a0\u00bb{}\u00a0\u00bb][ba_info_box photo=\u00a0\u00bbhttps:\/\/www.la-cale-sauvage.com\/wp-content\/uploads\/2024\/11\/respect-sommeil.png\u00a0\u00bb title=\u00a0\u00bbHoraires \u00e0 respecter\u00a0\u00bb body_content=\u00a0\u00bb<\/p>\n<p>If you have <strong>respect the sleep<\/strong> and <strong>and safety<\/strong> des autres campeurs, la circulation des v\u00e9hicules est authoris\u00e9e de 8h jusqu&rsquo;\u00e0 22h00.<\/p>\n<p>\u00a0\u00bb image_width=\u00a0\u00bb20%\u00a0\u00bb btn_spacing_top=\u00a0\u00bb40px\u00a0\u00bb icon_padding_tablet=\u00a0\u00bb0px|0px|13px|0px|false|false\u00a0\u00bb icon_padding_phone=\u00a0\u00bb0px|0px|13px|0px|false|false\u00a0\u00bb icon_padding_last_edited=\u00a0\u00bbon|phone\u00a0\u00bb _builder_version=\u00a0\u00bb4.27.3&Prime; _module_preset=\u00a0\u00bbdefault\u00a0\u00bb title_text_color=\u00a0\u00bbgcid-secondary-color\u00a0\u00bb body_line_height=\u00a0\u00bb1.9em\u00a0\u00bb custom_button=\u00a0\u00bbon\u00a0\u00bb button_text_size=\u00a0\u00bb1rem\u00a0\u00bb button_text_color=\u00a0\u00bb#3979ff\u00a0\u00bb button_bg_color=\u00a0\u00bb#ffffff\u00a0\u00bb button_border_color=\u00a0\u00bb#3979ff\u00a0\u00bb button_border_radius=\u00a0\u00bb50px\u00a0\u00bb button_use_icon=\u00a0\u00bboff\u00a0\u00bb button_custom_padding=\u00a0\u00bb0.7rem|2rem|0.7rem|2rem|true|true\u00a0\u00bb width=\u00a0\u00bb100%\u00a0\u00bb width_tablet=\u00a0\u00bb63%\u00a0\u00bb width_phone=\u00a0\u00bb100%\u00a0\u00bb width_last_edited=\u00a0\u00bbon|phone\u00a0\u00bb body_font_size_tablet=\u00a0\u00bb\u00a0\u00bb body_font_size_phone=\u00a0\u00bb\u00a0\u00bb body_font_size_last_edited=\u00a0\u00bbon|phone\u00a0\u00bb border_radii_photo=\u00a0\u00bbon|3px|3px|3px|3px\u00a0\u00bb global_colors_info=\u00a0\u00bb{%22gcid-secondary-color%22:%91%22title_text_color%22,%22icon_color%22,%22title_text_color%22%93}\u00a0\u00bb][\/ba_info_box][\/et_pb_column][et_pb_column type=\u00a0\u00bb1_3&Prime; _builder_version=\u00a0\u00bb4.27.3&Prime; _module_preset=\u00a0\u00bbdefault\u00a0\u00bb global_colors_info=\u00a0\u00bb{}\u00a0\u00bb][ba_info_box photo=\u00a0\u00bbhttps:\/\/www.la-cale-sauvage.com\/wp-content\/uploads\/2024\/11\/arrivee-tardive.png\u00a0\u00bb title=\u00a0\u00bbArriv\u00e9es tardives\u00a0\u00bb body_content=\u00a0\u00bb<\/p>\n<p>You have <strong>already booked<\/strong> &#038; <strong>vous avez du retard<\/strong> ? Si c&rsquo;est le cas, merci de nous pr\u00e9venir:<\/p>\n<ul>\n<li>En basse et moyenne saison, nous pourrons vous accueillir jusqu&rsquo;\u00e0 20h00.<\/li>\n<li>En haute saison, nous pourrons vous accueillir jusqu&rsquo;\u00e0 21h00.<\/li>\n<li><strong>Without a reservation, you will be charged an additional fee.<br \/><\/strong><\/li>\n<\/ul>\n<p>\u00a0\u00bb image_width=\u00a0\u00bb20%\u00a0\u00bb btn_spacing_top=\u00a0\u00bb40px\u00a0\u00bb icon_padding_tablet=\u00a0\u00bb0px|0px|13px|0px|false|false\u00a0\u00bb icon_padding_phone=\u00a0\u00bb0px|0px|13px|0px|false|false\u00a0\u00bb icon_padding_last_edited=\u00a0\u00bbon|phone\u00a0\u00bb _builder_version=\u00a0\u00bb4.27.3&Prime; _module_preset=\u00a0\u00bbdefault\u00a0\u00bb title_text_color=\u00a0\u00bbgcid-secondary-color\u00a0\u00bb body_line_height=\u00a0\u00bb1.9em\u00a0\u00bb custom_button=\u00a0\u00bbon\u00a0\u00bb button_text_size=\u00a0\u00bb1rem\u00a0\u00bb button_text_color=\u00a0\u00bb#3979ff\u00a0\u00bb button_bg_color=\u00a0\u00bb#ffffff\u00a0\u00bb button_border_color=\u00a0\u00bb#3979ff\u00a0\u00bb button_border_radius=\u00a0\u00bb50px\u00a0\u00bb button_use_icon=\u00a0\u00bboff\u00a0\u00bb button_custom_padding=\u00a0\u00bb0.7rem|2rem|0.7rem|2rem|true|true\u00a0\u00bb width=\u00a0\u00bb100%\u00a0\u00bb width_tablet=\u00a0\u00bb63%\u00a0\u00bb width_phone=\u00a0\u00bb100%\u00a0\u00bb width_last_edited=\u00a0\u00bbon|phone\u00a0\u00bb body_font_size_tablet=\u00a0\u00bb\u00a0\u00bb body_font_size_phone=\u00a0\u00bb\u00a0\u00bb body_font_size_last_edited=\u00a0\u00bbon|phone\u00a0\u00bb border_radii_photo=\u00a0\u00bbon|3px|3px|3px|3px\u00a0\u00bb global_colors_info=\u00a0\u00bb{%22gcid-secondary-color%22:%91%22title_text_color%22,%22icon_color%22,%22title_text_color%22%93}\u00a0\u00bb][\/ba_info_box][\/et_pb_column][\/et_pb_row][\/et_pb_section][et_pb_section fb_built=\u00a0\u00bb1&Prime; _builder_version=\u00a0\u00bb4.27.4&Prime; _module_preset=\u00a0\u00bbdefault\u00a0\u00bb background_enable_color=\u00a0\u00bboff\u00a0\u00bb global_colors_info=\u00a0\u00bb{}\u00a0\u00bb][et_pb_row _builder_version=\u00a0\u00bb4.27.3&Prime; _module_preset=\u00a0\u00bbdefault\u00a0\u00bb global_colors_info=\u00a0\u00bb{}\u00a0\u00bb][et_pb_column type=\u00a0\u00bb4_4&Prime; _builder_version=\u00a0\u00bb4.27.3&Prime; _module_preset=\u00a0\u00bbdefault\u00a0\u00bb global_colors_info=\u00a0\u00bb{}\u00a0\u00bb][et_pb_accordion icon_color=\u00a0\u00bb#dda523&Prime; _builder_version=\u00a0\u00bb4.27.3&Prime; _module_preset=\u00a0\u00bbdefault\u00a0\u00bb global_colors_info=\u00a0\u00bb{%22gcid-d7cd5a78-aaef-4f36-82a3-4d3706015cba%22:%91%22link_text_color%22,%22quote_border_color%22,%22link_text_color%22,%22quote_border_color%22%93,%22gcid-1f1b4e15-7cc6-4e13-8154-74d77a956460%22:%91%22quote_border_color%22,%22quote_border_color%22%93,%22gcid-primary-color%22:%91%22quote_text_color%22,%22icon_color%22,%22quote_text_color%22,%22icon_color%22%93,%22gcid-heading-color%22:%91%22toggle_text_color%22,%22toggle_text_color%22%93,%22gcid-a78660e1-cfc7-4771-a566-6834d6a7f06a%22:%91%22open_toggle_background_color%22,%22open_toggle_background_color%22%93}\u00a0\u00bb][et_pb_accordion_item title=\u00a0\u00bbArriv\u00e9es &#038; d\u00e9parts\u00a0\u00bb open=\u00a0\u00bbon\u00a0\u00bb _builder_version=\u00a0\u00bb4.27.3&Prime; _module_preset=\u00a0\u00bbdefault\u00a0\u00bb global_colors_info=\u00a0\u00bb{}\u00a0\u00bb]<\/p>\n<ul>\n<li>Arrival time: from 4:00 p.m.<\/li>\n<li>Check-out time: before 10:00. We cannot accept late check-outs. We are a small team and we thank you for your understanding.<\/li>\n<\/ul>\n<p>[\/et_pb_accordion_item][et_pb_accordion_item title=\u00a0\u00bbOptions possibles\u00a0\u00bb _builder_version=\u00a0\u00bb4.27.3&Prime; _module_preset=\u00a0\u00bbdefault\u00a0\u00bb global_colors_info=\u00a0\u00bb{}\u00a0\u00bb open=\u00a0\u00bboff\u00a0\u00bb]<\/p>\n<ul>\n<li>Rental<strong> de draps doubles<\/strong> : 12\u20ac\/le kit\/s\u00e9jour<\/li>\n<li><strong>Locations de draps simples<\/strong> : 6\u20ac\/le kit\/s\u00e9jour<\/li>\n<li><strong>Forfait m\u00e9nage :<\/strong><\/li>\n<ul>\n<li>15\u20ac pour les tentes 2 personnes<\/li>\n<li>20\u20ac pour les tentes 4 personnes<\/li>\n<li>40\u20ac pour les mobilhomes<\/li>\n<\/ul>\n<li><strong>baby travel cot<\/strong> : 3 \u20ac<\/li>\n<li><strong>Baby bed linen:<\/strong> 3\u20ac\/stay<strong><\/strong><\/li>\n<\/ul>\n<p>[\/et_pb_accordion_item][et_pb_accordion_item title=\u00a0\u00bbDur\u00e9e du s\u00e9jour\u00a0\u00bb _builder_version=\u00a0\u00bb4.27.3&Prime; _module_preset=\u00a0\u00bbdefault\u00a0\u00bb global_colors_info=\u00a0\u00bb{}\u00a0\u00bb open=\u00a0\u00bboff\u00a0\u00bb]<\/p>\n<ul>\n<li><strong>During the weekends of June \/ July \/ August:<\/strong> Stays are for a minimum of 2 nights<\/li>\n<\/ul>\n<p>[\/et_pb_accordion_item][et_pb_accordion_item title=\u00a0\u00bbModes de paiements accept\u00e9s\u00a0\u00bb _builder_version=\u00a0\u00bb4.27.3&Prime; _module_preset=\u00a0\u00bbdefault\u00a0\u00bb global_colors_info=\u00a0\u00bb{}\u00a0\u00bb open=\u00a0\u00bboff\u00a0\u00bb]<\/p>\n<ul>\n<li>Deposit required at the time of booking, with payment by credit card in a secure space.<\/li>\n<li>R\u00e8glement du solde 30 jours avant le d\u00e9but de votre s\u00e9jour.<\/li>\n<li>Possible payment methods:<\/li>\n<ul>\n<li>Virement bancaire<\/li>\n<li>ANCV and ANCV Connect holiday vouchers<\/li>\n<li>Si r\u00e9servation sur place: esp\u00e8ces et carte bancaire \u00e9galement possible.<\/li>\n<\/ul>\n<\/ul>\n<p>[\/et_pb_accordion_item][et_pb_accordion_item title=\u00a0\u00bbLe camping est-il s\u00e9curis\u00e9 la nuit ? \u00a0\u00bb _builder_version=\u00a0\u00bb4.27.3&Prime; _module_preset=\u00a0\u00bbdefault\u00a0\u00bb global_colors_info=\u00a0\u00bb{}\u00a0\u00bb open=\u00a0\u00bboff\u00a0\u00bb]<\/p>\n<p>Traffic on the campsite is prohibited between 10 p.m. and 8 a.m. A campsite representative is always present on the campsite.<\/p>\n<p>[\/et_pb_accordion_item][et_pb_accordion_item title=\u00a0\u00bbQuelles sont les conditions de remboursement en cas d&rsquo;annulation ? \u00a0\u00bb _builder_version=\u00a0\u00bb4.27.3&Prime; _module_preset=\u00a0\u00bbdefault\u00a0\u00bb global_colors_info=\u00a0\u00bb{}\u00a0\u00bb open=\u00a0\u00bboff\u00a0\u00bb]<\/p>\n<p>To be reimbursed in the event of cancellation, you must have taken out cancellation insurance... This insurance covers a large number of claims: illness, transport problems, postponed leave, etc.<\/p>\n<p>[\/et_pb_accordion_item][et_pb_accordion_item title=\u00a0\u00bbEst-il possible de modifier ma r\u00e9servation? \u00a0\u00bb _builder_version=\u00a0\u00bb4.27.3&Prime; _module_preset=\u00a0\u00bbdefault\u00a0\u00bb global_colors_info=\u00a0\u00bb{}\u00a0\u00bb open=\u00a0\u00bboff\u00a0\u00bb]<\/p>\n<p>Yes, 48 \u200b\u200bhours minimum in advance and subject to availability. In this case, you must contact us by telephone. <a href=\"tel:0952383558\"><strong>09 52 38 35 58<\/strong><\/a> or by email to the address <a href=\"mailto:camping@la-cale-sauvage.com\"><strong>camping@la-cale-sauvage.com<\/strong><\/a><\/p>\n<p>[\/et_pb_accordion_item][\/et_pb_accordion][\/et_pb_column][\/et_pb_row][\/et_pb_section][et_pb_section fb_built=\u00a0\u00bb1&Prime; custom_padding_last_edited=\u00a0\u00bbon|phone\u00a0\u00bb _builder_version=\u00a0\u00bb4.27.3&Prime; _module_preset=\u00a0\u00bbdefault\u00a0\u00bb background_color=\u00a0\u00bbgcid-026ff79c-cfbd-4464-8301-81adff325a85&Prime; custom_padding=\u00a0\u00bb||65px|||\u00a0\u00bb custom_padding_tablet=\u00a0\u00bb||200px||false|false\u00a0\u00bb custom_padding_phone=\u00a0\u00bb||25px||false|false\u00a0\u00bb global_colors_info=\u00a0\u00bb{%22gcid-026ff79c-cfbd-4464-8301-81adff325a85%22:%91%22background_color%22%93}\u00a0\u00bb][et_pb_row _builder_version=\u00a0\u00bb4.27.3&Prime; _module_preset=\u00a0\u00bbdefault\u00a0\u00bb module_alignment=\u00a0\u00bbcenter\u00a0\u00bb global_colors_info=\u00a0\u00bb{}\u00a0\u00bb][et_pb_column type=\u00a0\u00bb4_4&Prime; _builder_version=\u00a0\u00bb4.27.4&Prime; _module_preset=\u00a0\u00bbdefault\u00a0\u00bb global_colors_info=\u00a0\u00bb{}\u00a0\u00bb][et_pb_heading title=\u00a0\u00bbD&rsquo;autres solutions d&rsquo;h\u00e9bergements ?\u00a0\u00bb _builder_version=\u00a0\u00bb4.27.3&Prime; _module_preset=\u00a0\u00bb_initial\u00a0\u00bb title_level=\u00a0\u00bbh2&Prime; title_font=\u00a0\u00bb&#8211;et_global_heading_font|500|||||||\u00a0\u00bb title_text_align=\u00a0\u00bbcenter\u00a0\u00bb title_text_color=\u00a0\u00bbgcid-secondary-color\u00a0\u00bb title_font_size=\u00a0\u00bb36px\u00a0\u00bb title_line_height=\u00a0\u00bb1.4em\u00a0\u00bb custom_margin=\u00a0\u00bb3px||31px||false|false\u00a0\u00bb global_colors_info=\u00a0\u00bb{%22gcid-3e93bdc5-146d-448e-a761-9f1b4dd51113%22:%91%22link_text_color%22,%22quote_border_color%22%93,%22gcid-c7d8f091-13fc-48ff-a161-01fd58ed72d5%22:%91%22quote_text_color%22,%22quote_text_color%22%93,%22gcid-secondary-color%22:%91%22title_text_color%22%93}\u00a0\u00bb][\/et_pb_heading][et_pb_text _builder_version=\u00a0\u00bb4.27.3&Prime; _module_preset=\u00a0\u00bb_initial\u00a0\u00bb text_font=\u00a0\u00bbMontserrat||||||||\u00a0\u00bb text_line_height=\u00a0\u00bb1.9em\u00a0\u00bb text_orientation=\u00a0\u00bbcenter\u00a0\u00bb module_alignment=\u00a0\u00bbcenter\u00a0\u00bb text_font_size_tablet=\u00a0\u00bb17px\u00a0\u00bb text_font_size_phone=\u00a0\u00bb17px\u00a0\u00bb text_font_size_last_edited=\u00a0\u00bbon|phone\u00a0\u00bb global_colors_info=\u00a0\u00bb{}\u00a0\u00bb]<\/p>\n<p style=\"text-align: left;\">We offer <strong>large pitches (between 80m2 and 100m2)<\/strong> to set up your camp. If you want a site with electricity, please bring <strong>an electrical adapter<\/strong> to connect to the terminals at the camping pitches.<\/p>\n<p>[\/et_pb_text][et_pb_text _builder_version=\u00a0\u00bb4.27.3&Prime; _module_preset=\u00a0\u00bb_initial\u00a0\u00bb text_font=\u00a0\u00bbMontserrat||||||||\u00a0\u00bb text_line_height=\u00a0\u00bb1.9em\u00a0\u00bb text_orientation=\u00a0\u00bbcenter\u00a0\u00bb module_alignment=\u00a0\u00bbcenter\u00a0\u00bb text_font_size_tablet=\u00a0\u00bb17px\u00a0\u00bb text_font_size_phone=\u00a0\u00bb17px\u00a0\u00bb text_font_size_last_edited=\u00a0\u00bbon|phone\u00a0\u00bb global_colors_info=\u00a0\u00bb{}\u00a0\u00bb]<\/p>\n<p style=\"text-align: left;\">You will be able to choose between<strong> our classic mobile homes<\/strong> or <strong>our mobile homes without sanitary<\/strong> for smaller budget, <strong>a 70\u2019s retro caravan<\/strong>, <strong>a nomad tent<\/strong> for families or couples or large pitches (between 80 and 100m2) with or without electricity.<\/p>\n<p>[\/et_pb_text][\/et_pb_column][\/et_pb_row][et_pb_row column_structure=\u00a0\u00bb1_4,1_4,1_4,1_4&Prime; use_custom_gutter=\u00a0\u00bbon\u00a0\u00bb gutter_width=\u00a0\u00bb2&Prime; make_equal=\u00a0\u00bbon\u00a0\u00bb custom_padding_last_edited=\u00a0\u00bbon|desktop\u00a0\u00bb _builder_version=\u00a0\u00bb4.27.3&Prime; _module_preset=\u00a0\u00bbdefault\u00a0\u00bb max_width=\u00a0\u00bb1674px\u00a0\u00bb module_alignment=\u00a0\u00bbcenter\u00a0\u00bb height=\u00a0\u00bb480px\u00a0\u00bb height_tablet=\u00a0\u00bb480px\u00a0\u00bb height_phone=\u00a0\u00bb\u00a0\u00bb height_last_edited=\u00a0\u00bbon|phone\u00a0\u00bb custom_margin=\u00a0\u00bb20px|20px|20px|20px|true|true\u00a0\u00bb custom_padding=\u00a0\u00bb||||false|false\u00a0\u00bb custom_padding_tablet=\u00a0\u00bb||9px||false|false\u00a0\u00bb custom_padding_phone=\u00a0\u00bb||0px||false|false\u00a0\u00bb animation_style=\u00a0\u00bbfold\u00a0\u00bb locked=\u00a0\u00bboff\u00a0\u00bb global_colors_info=\u00a0\u00bb{}\u00a0\u00bb][et_pb_column type=\u00a0\u00bb1_4&Prime; admin_label=\u00a0\u00bbColonne\u00a0\u00bb _builder_version=\u00a0\u00bb4.27.3&Prime; _module_preset=\u00a0\u00bbdefault\u00a0\u00bb use_background_color_gradient=\u00a0\u00bbon\u00a0\u00bb background_color_gradient_direction=\u00a0\u00bb90deg\u00a0\u00bb background_color_gradient_stops=\u00a0\u00bbrgba(0,0,0,0.8) 0%|rgba(255,255,255,0) 100%\u00a0\u00bb background_color_gradient_overlays_image=\u00a0\u00bbon\u00a0\u00bb background_image=\u00a0\u00bbhttps:\/\/www.la-cale-sauvage.com\/wp-content\/uploads\/2024\/05\/IMG_7857-3-scaled.jpg\u00a0\u00bb custom_padding=\u00a0\u00bb20%|40px|40px|40px|false|true\u00a0\u00bb custom_padding_tablet=\u00a0\u00bb|30px|30px|30px|false|true\u00a0\u00bb custom_padding_phone=\u00a0\u00bb|20px|20px|20px|false|true\u00a0\u00bb custom_padding_last_edited=\u00a0\u00bbon|tablet\u00a0\u00bb link_option_url=\u00a0\u00bbhttps:\/\/www.la-cale-sauvage.com\/nos-mobilhomes\/\u00a0\u00bb global_colors_info=\u00a0\u00bb{%22gcid-0a41bebc-0107-48f7-8173-6190cad71074%22:%91%22background_color_gradient_stops%22%93,%22gcid-fb7185f0-febc-426c-87a9-b6e9798849ab%22:%91%22background_color_gradient_stops%22%93,%22gcid-38dfb4bb-7215-4014-995e-8209875e07d3%22:%91%22background_color_gradient_stops%22%93}\u00a0\u00bb background__hover_enabled=\u00a0\u00bbon|hover\u00a0\u00bb background_color_gradient_stops__hover=\u00a0\u00bb#af8341 0%|rgba(255,255,255,0) 100%\u00a0\u00bb use_background_color_gradient__hover=\u00a0\u00bbon\u00a0\u00bb][et_pb_text _builder_version=\u00a0\u00bb4.27.3&Prime; _module_preset=\u00a0\u00bb_initial\u00a0\u00bb header_3_font=\u00a0\u00bbOutfit|700|||||||\u00a0\u00bb header_3_text_color=\u00a0\u00bb#FFFFFF\u00a0\u00bb header_3_line_height=\u00a0\u00bb1.4em\u00a0\u00bb custom_margin=\u00a0\u00bb||10px||false|false\u00a0\u00bb header_3_font_size_tablet=\u00a0\u00bb20px\u00a0\u00bb header_3_font_size_phone=\u00a0\u00bb16px\u00a0\u00bb global_colors_info=\u00a0\u00bb{}\u00a0\u00bb]<\/p>\n<h3>OUR MOBILHOMES<\/h3>\n<p>[\/et_pb_text][et_pb_icon font_icon=\u00a0\u00bb&#x24;||divi||400&Prime; icon_color=\u00a0\u00bb#FFFFFF\u00a0\u00bb align=\u00a0\u00bbleft\u00a0\u00bb _builder_version=\u00a0\u00bb4.23.2&Prime; _module_preset=\u00a0\u00bbdefault\u00a0\u00bb global_colors_info=\u00a0\u00bb{}\u00a0\u00bb][\/et_pb_icon][\/et_pb_column][et_pb_column type=\u00a0\u00bb1_4&Prime; admin_label=\u00a0\u00bbColonne\u00a0\u00bb _builder_version=\u00a0\u00bb4.27.3&Prime; _module_preset=\u00a0\u00bbdefault\u00a0\u00bb use_background_color_gradient=\u00a0\u00bbon\u00a0\u00bb background_color_gradient_direction=\u00a0\u00bb90deg\u00a0\u00bb background_color_gradient_stops=\u00a0\u00bbrgba(0,0,0,0.8) 0%|rgba(255,255,255,0) 100%\u00a0\u00bb background_color_gradient_overlays_image=\u00a0\u00bbon\u00a0\u00bb background_image=\u00a0\u00bbhttps:\/\/www.la-cale-sauvage.com\/wp-content\/uploads\/2024\/05\/IMG_8090-2-min-scaled.jpg\u00a0\u00bb custom_padding=\u00a0\u00bb20%|40px|40px|40px|false|true\u00a0\u00bb custom_padding_tablet=\u00a0\u00bb|30px|30px|30px|false|true\u00a0\u00bb custom_padding_phone=\u00a0\u00bb|20px|20px|20px|false|true\u00a0\u00bb custom_padding_last_edited=\u00a0\u00bbon|tablet\u00a0\u00bb link_option_url=\u00a0\u00bbhttps:\/\/www.la-cale-sauvage.com\/nos-tentes-nomades\/\u00a0\u00bb global_colors_info=\u00a0\u00bb{%22gcid-0a41bebc-0107-48f7-8173-6190cad71074%22:%91%22background_color_gradient_stops%22%93,%22gcid-fb7185f0-febc-426c-87a9-b6e9798849ab%22:%91%22background_color_gradient_stops%22%93,%22gcid-38dfb4bb-7215-4014-995e-8209875e07d3%22:%91%22background_color_gradient_stops%22%93}\u00a0\u00bb background__hover_enabled=\u00a0\u00bbon|hover\u00a0\u00bb background_color_gradient_stops__hover=\u00a0\u00bb#af8341 0%|rgba(255,255,255,0) 100%\u00a0\u00bb use_background_color_gradient__hover=\u00a0\u00bbon\u00a0\u00bb][et_pb_text _builder_version=\u00a0\u00bb4.27.3&Prime; _module_preset=\u00a0\u00bb_initial\u00a0\u00bb header_3_font=\u00a0\u00bbOutfit|700|||||||\u00a0\u00bb header_3_text_color=\u00a0\u00bb#FFFFFF\u00a0\u00bb header_3_line_height=\u00a0\u00bb1.4em\u00a0\u00bb custom_margin=\u00a0\u00bb||10px||false|false\u00a0\u00bb header_3_font_size_tablet=\u00a0\u00bb20px\u00a0\u00bb header_3_font_size_phone=\u00a0\u00bb16px\u00a0\u00bb global_colors_info=\u00a0\u00bb{}\u00a0\u00bb]<\/p>\n<h3>OUR NOMADS TENTS<\/h3>\n<p>[\/et_pb_text][et_pb_icon font_icon=\u00a0\u00bb&#x24;||divi||400&Prime; icon_color=\u00a0\u00bb#FFFFFF\u00a0\u00bb align=\u00a0\u00bbleft\u00a0\u00bb _builder_version=\u00a0\u00bb4.23.2&Prime; _module_preset=\u00a0\u00bbdefault\u00a0\u00bb global_colors_info=\u00a0\u00bb{}\u00a0\u00bb][\/et_pb_icon][\/et_pb_column][et_pb_column type=\u00a0\u00bb1_4&Prime; admin_label=\u00a0\u00bbColonne\u00a0\u00bb _builder_version=\u00a0\u00bb4.27.3&Prime; _module_preset=\u00a0\u00bbdefault\u00a0\u00bb use_background_color_gradient=\u00a0\u00bbon\u00a0\u00bb background_color_gradient_direction=\u00a0\u00bb90deg\u00a0\u00bb background_color_gradient_stops=\u00a0\u00bbrgba(0,0,0,0.8) 0%|rgba(255,255,255,0) 100%\u00a0\u00bb background_color_gradient_overlays_image=\u00a0\u00bbon\u00a0\u00bb background_image=\u00a0\u00bbhttps:\/\/www.la-cale-sauvage.com\/wp-content\/uploads\/2024\/05\/IMG_7895-scaled.jpg\u00a0\u00bb custom_padding=\u00a0\u00bb20%|40px|40px|40px|false|true\u00a0\u00bb custom_padding_tablet=\u00a0\u00bb|30px|30px|30px|false|true\u00a0\u00bb custom_padding_phone=\u00a0\u00bb|20px|20px|20px|false|true\u00a0\u00bb custom_padding_last_edited=\u00a0\u00bbon|tablet\u00a0\u00bb link_option_url=\u00a0\u00bbhttps:\/\/www.la-cale-sauvage.com\/la-caravane-retro\/\u00a0\u00bb global_colors_info=\u00a0\u00bb{%22gcid-0a41bebc-0107-48f7-8173-6190cad71074%22:%91%22background_color_gradient_stops%22%93,%22gcid-fb7185f0-febc-426c-87a9-b6e9798849ab%22:%91%22background_color_gradient_stops%22%93,%22gcid-38dfb4bb-7215-4014-995e-8209875e07d3%22:%91%22background_color_gradient_stops%22%93}\u00a0\u00bb background__hover_enabled=\u00a0\u00bbon|hover\u00a0\u00bb background_color_gradient_stops__hover=\u00a0\u00bb#af8341 0%|rgba(255,255,255,0) 100%\u00a0\u00bb use_background_color_gradient__hover=\u00a0\u00bbon\u00a0\u00bb][et_pb_text _builder_version=\u00a0\u00bb4.27.3&Prime; _module_preset=\u00a0\u00bb_initial\u00a0\u00bb header_3_font=\u00a0\u00bbOutfit|700|||||||\u00a0\u00bb header_3_text_color=\u00a0\u00bb#FFFFFF\u00a0\u00bb header_3_line_height=\u00a0\u00bb1.4em\u00a0\u00bb custom_margin=\u00a0\u00bb||10px||false|false\u00a0\u00bb header_3_font_size_tablet=\u00a0\u00bb20px\u00a0\u00bb header_3_font_size_phone=\u00a0\u00bb16px\u00a0\u00bb global_colors_info=\u00a0\u00bb{}\u00a0\u00bb]<\/p>\n<h3>OUR RETRO CARAVAN<\/h3>\n<p>[\/et_pb_text][et_pb_icon font_icon=\u00a0\u00bb&#x24;||divi||400&Prime; icon_color=\u00a0\u00bb#FFFFFF\u00a0\u00bb align=\u00a0\u00bbleft\u00a0\u00bb _builder_version=\u00a0\u00bb4.23.2&Prime; _module_preset=\u00a0\u00bbdefault\u00a0\u00bb global_colors_info=\u00a0\u00bb{}\u00a0\u00bb][\/et_pb_icon][\/et_pb_column][et_pb_column type=\u00a0\u00bb1_4&Prime; admin_label=\u00a0\u00bbColonne\u00a0\u00bb _builder_version=\u00a0\u00bb4.27.3&Prime; _module_preset=\u00a0\u00bbdefault\u00a0\u00bb use_background_color_gradient=\u00a0\u00bbon\u00a0\u00bb background_color_gradient_direction=\u00a0\u00bb90deg\u00a0\u00bb background_color_gradient_stops=\u00a0\u00bbrgba(0,0,0,0.8) 0%|rgba(255,255,255,0) 100%\u00a0\u00bb background_color_gradient_overlays_image=\u00a0\u00bbon\u00a0\u00bb background_image=\u00a0\u00bbhttps:\/\/www.la-cale-sauvage.com\/wp-content\/uploads\/2024\/11\/IMG_8927-min-scaled.jpg\u00a0\u00bb custom_padding=\u00a0\u00bb20%|40px|40px|40px|false|true\u00a0\u00bb custom_padding_tablet=\u00a0\u00bb|30px|30px|30px|false|true\u00a0\u00bb custom_padding_phone=\u00a0\u00bb|20px|20px|20px|false|true\u00a0\u00bb custom_padding_last_edited=\u00a0\u00bbon|tablet\u00a0\u00bb link_option_url=\u00a0\u00bbhttps:\/\/www.la-cale-sauvage.com\/nos-emplacements\/\u00a0\u00bb global_colors_info=\u00a0\u00bb{%22gcid-0a41bebc-0107-48f7-8173-6190cad71074%22:%91%22background_color_gradient_stops%22%93,%22gcid-fb7185f0-febc-426c-87a9-b6e9798849ab%22:%91%22background_color_gradient_stops%22%93,%22gcid-38dfb4bb-7215-4014-995e-8209875e07d3%22:%91%22background_color_gradient_stops%22%93}\u00a0\u00bb background__hover_enabled=\u00a0\u00bbon|hover\u00a0\u00bb background_color_gradient_stops__hover=\u00a0\u00bb#af8341 0%|rgba(255,255,255,0) 100%\u00a0\u00bb use_background_color_gradient__hover=\u00a0\u00bbon\u00a0\u00bb][et_pb_text _builder_version=\u00a0\u00bb4.27.3&Prime; _module_preset=\u00a0\u00bb_initial\u00a0\u00bb header_3_font=\u00a0\u00bbOutfit|700|||||||\u00a0\u00bb header_3_text_color=\u00a0\u00bb#FFFFFF\u00a0\u00bb header_3_line_height=\u00a0\u00bb1.4em\u00a0\u00bb custom_margin=\u00a0\u00bb||10px||false|false\u00a0\u00bb header_3_font_size_tablet=\u00a0\u00bb20px\u00a0\u00bb header_3_font_size_phone=\u00a0\u00bb16px\u00a0\u00bb global_colors_info=\u00a0\u00bb{}\u00a0\u00bb]<\/p>\n<h3>OUR PITCHES<\/h3>\n<p>[\/et_pb_text][et_pb_icon font_icon=\u00a0\u00bb&#x24;||divi||400&Prime; icon_color=\u00a0\u00bb#FFFFFF\u00a0\u00bb align=\u00a0\u00bbleft\u00a0\u00bb _builder_version=\u00a0\u00bb4.23.2&Prime; _module_preset=\u00a0\u00bbdefault\u00a0\u00bb global_colors_info=\u00a0\u00bb{}\u00a0\u00bb][\/et_pb_icon][\/et_pb_column][\/et_pb_row][\/et_pb_section][et_pb_section fb_built=\u00a0\u00bb1&Prime; _builder_version=\u00a0\u00bb4.27.3&Prime; _module_preset=\u00a0\u00bbdefault\u00a0\u00bb background_image=\u00a0\u00bbhttps:\/\/www.la-cale-sauvage.com\/wp-content\/uploads\/2024\/11\/camping-emplacements-min.png\u00a0\u00bb custom_padding=\u00a0\u00bb||283px|||\u00a0\u00bb global_colors_info=\u00a0\u00bb{}\u00a0\u00bb][et_pb_row _builder_version=\u00a0\u00bb4.27.3&Prime; _module_preset=\u00a0\u00bbdefault\u00a0\u00bb global_colors_info=\u00a0\u00bb{}\u00a0\u00bb][et_pb_column type=\u00a0\u00bb4_4&Prime; _builder_version=\u00a0\u00bb4.27.3&Prime; _module_preset=\u00a0\u00bbdefault\u00a0\u00bb global_colors_info=\u00a0\u00bb{}\u00a0\u00bb][\/et_pb_column][\/et_pb_row][\/et_pb_section]<\/p>","protected":false},"excerpt":{"rendered":"<p>Le campingNos mobilhomes 4 pers.R\u00e9servez d\u00e8s maintenant :Pour toute r\u00e9servation, nous demandons un acompte de 30% puis le solde 30 jours avant le d\u00e9but du s\u00e9jour. Sachez que vous pouvez [&hellip;]<\/p>","protected":false},"author":1,"featured_media":0,"parent":0,"menu_order":0,"comment_status":"closed","ping_status":"closed","template":"","meta":{"_et_pb_use_builder":"on","_et_pb_old_content":"","_et_gb_content_width":"","footnotes":""},"class_list":["post-284434","page","type-page","status-publish","hentry"],"yoast_head":"<!-- This site is optimized with the Yoast SEO plugin v26.8 - https:\/\/yoast.com\/product\/yoast-seo-wordpress\/ -->\n<title>Mobilhomes classiques - 4 personnes - La Cale Sauvage<\/title>\n<meta name=\"robots\" content=\"index, follow, max-snippet:-1, max-image-preview:large, max-video-preview:-1\" \/>\n<link rel=\"canonical\" href=\"https:\/\/www.la-cale-sauvage.com\/en\/mobilhomes-classiques-4-personnes\/\" \/>\n<meta property=\"og:locale\" content=\"en_GB\" \/>\n<meta property=\"og:type\" content=\"article\" \/>\n<meta property=\"og:title\" content=\"Mobilhomes classiques - 4 personnes - La Cale Sauvage\" \/>\n<meta property=\"og:description\" content=\"Le campingNos mobilhomes 4 pers.R\u00e9servez d\u00e8s maintenant :Pour toute r\u00e9servation, nous demandons un acompte de 30% puis le solde 30 jours avant le d\u00e9but du s\u00e9jour. Sachez que vous pouvez [&hellip;]\" \/>\n<meta property=\"og:url\" content=\"https:\/\/www.la-cale-sauvage.com\/en\/mobilhomes-classiques-4-personnes\/\" \/>\n<meta property=\"og:site_name\" content=\"La Cale Sauvage\" \/>\n<meta property=\"article:publisher\" content=\"https:\/\/www.facebook.com\/people\/La-Cale-Sauvage\/61559091470458\/\" \/>\n<meta property=\"article:modified_time\" content=\"2026-04-12T09:00:12+00:00\" \/>\n<meta property=\"og:image\" content=\"https:\/\/www.la-cale-sauvage.com\/wp-content\/uploads\/2024\/11\/camping-la-cale-sauvage.jpg\" \/>\n\t<meta property=\"og:image:width\" content=\"792\" \/>\n\t<meta property=\"og:image:height\" content=\"781\" \/>\n\t<meta property=\"og:image:type\" content=\"image\/jpeg\" \/>\n<meta name=\"twitter:card\" content=\"summary_large_image\" \/>\n<meta name=\"twitter:label1\" content=\"Estimated reading time\" \/>\n\t<meta name=\"twitter:data1\" content=\"24 minutes\" \/>\n<script type=\"application\/ld+json\" class=\"yoast-schema-graph\">{\"@context\":\"https:\/\/schema.org\",\"@graph\":[{\"@type\":\"WebPage\",\"@id\":\"https:\/\/www.la-cale-sauvage.com\/mobilhomes-classiques-4-personnes\/\",\"url\":\"https:\/\/www.la-cale-sauvage.com\/mobilhomes-classiques-4-personnes\/\",\"name\":\"Mobilhomes classiques - 4 personnes - La Cale Sauvage\",\"isPartOf\":{\"@id\":\"https:\/\/www.la-cale-sauvage.com\/#website\"},\"datePublished\":\"2025-05-20T17:06:13+00:00\",\"dateModified\":\"2026-04-12T09:00:12+00:00\",\"breadcrumb\":{\"@id\":\"https:\/\/www.la-cale-sauvage.com\/mobilhomes-classiques-4-personnes\/#breadcrumb\"},\"inLanguage\":\"en-GB\",\"potentialAction\":[{\"@type\":\"ReadAction\",\"target\":[\"https:\/\/www.la-cale-sauvage.com\/mobilhomes-classiques-4-personnes\/\"]}]},{\"@type\":\"BreadcrumbList\",\"@id\":\"https:\/\/www.la-cale-sauvage.com\/mobilhomes-classiques-4-personnes\/#breadcrumb\",\"itemListElement\":[{\"@type\":\"ListItem\",\"position\":1,\"name\":\"Accueil\",\"item\":\"https:\/\/www.la-cale-sauvage.com\/\"},{\"@type\":\"ListItem\",\"position\":2,\"name\":\"Mobilhomes classiques &#8211; 4 personnes\"}]},{\"@type\":\"WebSite\",\"@id\":\"https:\/\/www.la-cale-sauvage.com\/#website\",\"url\":\"https:\/\/www.la-cale-sauvage.com\/\",\"name\":\"La Cale Sauvage\",\"description\":\"Guinguette &amp; camping \u00e0 Frossay\",\"publisher\":{\"@id\":\"https:\/\/www.la-cale-sauvage.com\/#organization\"},\"potentialAction\":[{\"@type\":\"SearchAction\",\"target\":{\"@type\":\"EntryPoint\",\"urlTemplate\":\"https:\/\/www.la-cale-sauvage.com\/?s={search_term_string}\"},\"query-input\":{\"@type\":\"PropertyValueSpecification\",\"valueRequired\":true,\"valueName\":\"search_term_string\"}}],\"inLanguage\":\"en-GB\"},{\"@type\":\"Organization\",\"@id\":\"https:\/\/www.la-cale-sauvage.com\/#organization\",\"name\":\"La Cale Sauvage - Camping guinguette\",\"url\":\"https:\/\/www.la-cale-sauvage.com\/\",\"logo\":{\"@type\":\"ImageObject\",\"inLanguage\":\"en-GB\",\"@id\":\"https:\/\/www.la-cale-sauvage.com\/#\/schema\/logo\/image\/\",\"url\":\"https:\/\/www.la-cale-sauvage.com\/wp-content\/uploads\/2024\/04\/cropped-Logo-noir.png\",\"contentUrl\":\"https:\/\/www.la-cale-sauvage.com\/wp-content\/uploads\/2024\/04\/cropped-Logo-noir.png\",\"width\":2653,\"height\":2050,\"caption\":\"La Cale Sauvage - Camping guinguette\"},\"image\":{\"@id\":\"https:\/\/www.la-cale-sauvage.com\/#\/schema\/logo\/image\/\"},\"sameAs\":[\"https:\/\/www.facebook.com\/people\/La-Cale-Sauvage\/61559091470458\/\"]}]}<\/script>\n<!-- \/ Yoast SEO plugin. -->","yoast_head_json":{"title":"Mobilhomes classiques - 4 personnes - La Cale Sauvage","robots":{"index":"index","follow":"follow","max-snippet":"max-snippet:-1","max-image-preview":"max-image-preview:large","max-video-preview":"max-video-preview:-1"},"canonical":"https:\/\/www.la-cale-sauvage.com\/en\/mobilhomes-classiques-4-personnes\/","og_locale":"en_GB","og_type":"article","og_title":"Mobilhomes classiques - 4 personnes - La Cale Sauvage","og_description":"Le campingNos mobilhomes 4 pers.R\u00e9servez d\u00e8s maintenant :Pour toute r\u00e9servation, nous demandons un acompte de 30% puis le solde 30 jours avant le d\u00e9but du s\u00e9jour. Sachez que vous pouvez [&hellip;]","og_url":"https:\/\/www.la-cale-sauvage.com\/en\/mobilhomes-classiques-4-personnes\/","og_site_name":"La Cale Sauvage","article_publisher":"https:\/\/www.facebook.com\/people\/La-Cale-Sauvage\/61559091470458\/","article_modified_time":"2026-04-12T09:00:12+00:00","og_image":[{"width":792,"height":781,"url":"https:\/\/www.la-cale-sauvage.com\/wp-content\/uploads\/2024\/11\/camping-la-cale-sauvage.jpg","type":"image\/jpeg"}],"twitter_card":"summary_large_image","twitter_misc":{"Estimated reading time":"24 minutes"},"schema":{"@context":"https:\/\/schema.org","@graph":[{"@type":"WebPage","@id":"https:\/\/www.la-cale-sauvage.com\/mobilhomes-classiques-4-personnes\/","url":"https:\/\/www.la-cale-sauvage.com\/mobilhomes-classiques-4-personnes\/","name":"Mobilhomes classiques - 4 personnes - La Cale Sauvage","isPartOf":{"@id":"https:\/\/www.la-cale-sauvage.com\/#website"},"datePublished":"2025-05-20T17:06:13+00:00","dateModified":"2026-04-12T09:00:12+00:00","breadcrumb":{"@id":"https:\/\/www.la-cale-sauvage.com\/mobilhomes-classiques-4-personnes\/#breadcrumb"},"inLanguage":"en-GB","potentialAction":[{"@type":"ReadAction","target":["https:\/\/www.la-cale-sauvage.com\/mobilhomes-classiques-4-personnes\/"]}]},{"@type":"BreadcrumbList","@id":"https:\/\/www.la-cale-sauvage.com\/mobilhomes-classiques-4-personnes\/#breadcrumb","itemListElement":[{"@type":"ListItem","position":1,"name":"Accueil","item":"https:\/\/www.la-cale-sauvage.com\/"},{"@type":"ListItem","position":2,"name":"Mobilhomes classiques &#8211; 4 personnes"}]},{"@type":"WebSite","@id":"https:\/\/www.la-cale-sauvage.com\/#website","url":"https:\/\/www.la-cale-sauvage.com\/","name":"La Cale Sauvage","description":"Guinguette &amp; camping \u00e0 Frossay","publisher":{"@id":"https:\/\/www.la-cale-sauvage.com\/#organization"},"potentialAction":[{"@type":"SearchAction","target":{"@type":"EntryPoint","urlTemplate":"https:\/\/www.la-cale-sauvage.com\/?s={search_term_string}"},"query-input":{"@type":"PropertyValueSpecification","valueRequired":true,"valueName":"search_term_string"}}],"inLanguage":"en-GB"},{"@type":"Organization","@id":"https:\/\/www.la-cale-sauvage.com\/#organization","name":"La Cale Sauvage - Camping guinguette","url":"https:\/\/www.la-cale-sauvage.com\/","logo":{"@type":"ImageObject","inLanguage":"en-GB","@id":"https:\/\/www.la-cale-sauvage.com\/#\/schema\/logo\/image\/","url":"https:\/\/www.la-cale-sauvage.com\/wp-content\/uploads\/2024\/04\/cropped-Logo-noir.png","contentUrl":"https:\/\/www.la-cale-sauvage.com\/wp-content\/uploads\/2024\/04\/cropped-Logo-noir.png","width":2653,"height":2050,"caption":"La Cale Sauvage - Camping guinguette"},"image":{"@id":"https:\/\/www.la-cale-sauvage.com\/#\/schema\/logo\/image\/"},"sameAs":["https:\/\/www.facebook.com\/people\/La-Cale-Sauvage\/61559091470458\/"]}]}},"_links":{"self":[{"href":"https:\/\/www.la-cale-sauvage.com\/en\/wp-json\/wp\/v2\/pages\/284434","targetHints":{"allow":["GET"]}}],"collection":[{"href":"https:\/\/www.la-cale-sauvage.com\/en\/wp-json\/wp\/v2\/pages"}],"about":[{"href":"https:\/\/www.la-cale-sauvage.com\/en\/wp-json\/wp\/v2\/types\/page"}],"author":[{"embeddable":true,"href":"https:\/\/www.la-cale-sauvage.com\/en\/wp-json\/wp\/v2\/users\/1"}],"replies":[{"embeddable":true,"href":"https:\/\/www.la-cale-sauvage.com\/en\/wp-json\/wp\/v2\/comments?post=284434"}],"version-history":[{"count":17,"href":"https:\/\/www.la-cale-sauvage.com\/en\/wp-json\/wp\/v2\/pages\/284434\/revisions"}],"predecessor-version":[{"id":790935,"href":"https:\/\/www.la-cale-sauvage.com\/en\/wp-json\/wp\/v2\/pages\/284434\/revisions\/790935"}],"wp:attachment":[{"href":"https:\/\/www.la-cale-sauvage.com\/en\/wp-json\/wp\/v2\/media?parent=284434"}],"curies":[{"name":"wp","href":"https:\/\/api.w.org\/{rel}","templated":true}]}}